{"id":4266,"date":"2021-03-15T03:08:30","date_gmt":"2021-03-15T06:08:30","guid":{"rendered":"https:\/\/elxrskincare.com.br\/loja\/?page_id=4266"},"modified":"2024-12-03T00:44:13","modified_gmt":"2024-12-03T03:44:13","slug":"ativos","status":"publish","type":"page","link":"https:\/\/elxrskincare.com.br\/loja\/ativos\/","title":{"rendered":"Ativos"},"content":{"rendered":"\t\t<div data-elementor-type=\"wp-page\" data-elementor-id=\"4266\" class=\"elementor elementor-4266\">\n\t\t\t\t\t\t<section class=\"elementor-section elementor-top-section elementor-element elementor-element-553ba1c elementor-section-boxed elementor-section-height-default elementor-section-height-default\" data-id=\"553ba1c\" data-element_type=\"section\">\n\t\t\t\t\t\t<div class=\"elementor-container elementor-column-gap-default\">\n\t\t\t\t\t<div class=\"elementor-column elementor-col-50 elementor-top-column elementor-element elementor-element-d515e1f elementor-invisible\" data-id=\"d515e1f\" data-element_type=\"column\" data-settings=\"{&quot;animation&quot;:&quot;fadeInRight&quot;}\">\n\t\t\t<div class=\"elementor-widget-wrap elementor-element-populated\">\n\t\t\t\t\t\t<div class=\"elementor-element elementor-element-480099c elementor-widget elementor-widget-heading\" data-id=\"480099c\" data-element_type=\"widget\" data-widget_type=\"heading.default\">\n\t\t\t\t<div class=\"elementor-widget-container\">\n\t\t\t<h2 class=\"elementor-heading-title elementor-size-default\"><font face=\"Open Sans, sans-serif\"><span style=\"font-size: 18.6667px\">ATIVOS PRINCIPAIS ELXR SKINCARE<\/span><\/font><\/h2>\t\t<\/div>\n\t\t\t\t<\/div>\n\t\t\t\t<div class=\"elementor-element elementor-element-616dba1 elementor-widget elementor-widget-toggle\" data-id=\"616dba1\" data-element_type=\"widget\" data-widget_type=\"toggle.default\">\n\t\t\t\t<div class=\"elementor-widget-container\">\n\t\t\t\t\t<div class=\"elementor-toggle\">\n\t\t\t\t\t\t\t<div class=\"elementor-toggle-item\">\n\t\t\t\t\t<div id=\"elementor-tab-title-1021\" class=\"elementor-tab-title\" data-tab=\"1\" role=\"button\" aria-controls=\"elementor-tab-content-1021\" aria-expanded=\"false\">\n\t\t\t\t\t\t\t\t\t\t\t\t<span class=\"elementor-toggle-icon elementor-toggle-icon-left\" aria-hidden=\"true\">\n\t\t\t\t\t\t\t\t\t\t\t\t\t\t\t<span class=\"elementor-toggle-icon-closed\"><i class=\"fas fa-caret-right\"><\/i><\/span>\n\t\t\t\t\t\t\t\t<span class=\"elementor-toggle-icon-opened\"><i class=\"elementor-toggle-icon-opened fas fa-caret-up\"><\/i><\/span>\n\t\t\t\t\t\t\t\t\t\t\t\t\t<\/span>\n\t\t\t\t\t\t\t\t\t\t\t\t<a class=\"elementor-toggle-title\" tabindex=\"0\">PREBI\u00d3TICO \/ BIOECOLIA \/  <i style=\"font-weight:normal\">ALPHA-GLUCAN OLIGOSACCHARIDE<\/i><\/a>\n\t\t\t\t\t<\/div>\n\n\t\t\t\t\t<div id=\"elementor-tab-content-1021\" class=\"elementor-tab-content elementor-clearfix\" data-tab=\"1\" role=\"region\" aria-labelledby=\"elementor-tab-title-1021\"><p class=\"MsoNormal\" style=\"background-image: initial; background-position: initial; background-size: initial; background-repeat: initial; background-attachment: initial; background-origin: initial; background-clip: initial;\"><span style=\"font-size: 12.0pt; line-height: 107%; mso-fareast-font-family: 'Times New Roman'; mso-bidi-font-family: Calibri; color: black; mso-color-alt: windowtext;\">Alfa-oligoglucana, que promove prote\u00e7\u00e3o e est\u00edmulo dos ecossistemas da pele e cabelo<\/span><\/p><p class=\"MsoNormal\" style=\"background-image: initial; background-position: initial; background-size: initial; background-repeat: initial; background-attachment: initial; background-origin: initial; background-clip: initial;\"><span style=\"font-size: 12.0pt; line-height: 107%; mso-fareast-font-family: 'Times New Roman'; mso-bidi-font-family: Calibri; color: black; mso-color-alt: windowtext;\">Protege e estimula a primeira barreira de defesa da pele por prevenir a coloniza\u00e7\u00e3o da mesma por bact\u00e9rias indesej\u00e1veis, patog\u00eanicas ou oportunistas.<\/span><\/p><p>\u00a0<\/p><p class=\"MsoNormal\" style=\"background-image: initial; background-position: initial; background-size: initial; background-repeat: initial; background-attachment: initial; background-origin: initial; background-clip: initial;\"><span style=\"font-size: 12.0pt; line-height: 107%; mso-fareast-font-family: 'Times New Roman'; mso-bidi-font-family: Calibri; color: black; mso-color-alt: windowtext;\">Prebi\u00f3tico, skin-Food, fortalece a barreira cut\u00e2nea.<\/span><\/p><\/div>\n\t\t\t\t<\/div>\n\t\t\t\t\t\t\t<div class=\"elementor-toggle-item\">\n\t\t\t\t\t<div id=\"elementor-tab-title-1022\" class=\"elementor-tab-title\" data-tab=\"2\" role=\"button\" aria-controls=\"elementor-tab-content-1022\" aria-expanded=\"false\">\n\t\t\t\t\t\t\t\t\t\t\t\t<span class=\"elementor-toggle-icon elementor-toggle-icon-left\" aria-hidden=\"true\">\n\t\t\t\t\t\t\t\t\t\t\t\t\t\t\t<span class=\"elementor-toggle-icon-closed\"><i class=\"fas fa-caret-right\"><\/i><\/span>\n\t\t\t\t\t\t\t\t<span class=\"elementor-toggle-icon-opened\"><i class=\"elementor-toggle-icon-opened fas fa-caret-up\"><\/i><\/span>\n\t\t\t\t\t\t\t\t\t\t\t\t\t<\/span>\n\t\t\t\t\t\t\t\t\t\t\t\t<a class=\"elementor-toggle-title\" tabindex=\"0\">PROBI\u00d3TICO \/ YOGURTENE\u00ae \/ <i style=\"font-weight:normal\"> S. THERMOPHILUS SOYBEAN EXTRACT FERMENT,  HYDROLYSED SOY PROTEIN <\/i><\/a>\n\t\t\t\t\t<\/div>\n\n\t\t\t\t\t<div id=\"elementor-tab-content-1022\" class=\"elementor-tab-content elementor-clearfix\" data-tab=\"2\" role=\"region\" aria-labelledby=\"elementor-tab-title-1022\"><p>Yogurtene vegetal de origem Biotecnol\u00f3gica.<\/p><p>Sensorial excepcional para as formula\u00e7\u00f5es, com uma espuma cremosa agrad\u00e1vel<\/p><p>Protege a rede de col\u00e1geno na pele , mantendo firme e sem rugas.<\/p><p>Em sinergia com Bioecolia, alimenta , equilibra e fortalece a barreira cut\u00e2nea.<\/p><\/div>\n\t\t\t\t<\/div>\n\t\t\t\t\t\t\t\t<\/div>\n\t\t\t\t<\/div>\n\t\t\t\t<\/div>\n\t\t\t\t<div class=\"elementor-element elementor-element-ffad27b elementor-widget elementor-widget-heading\" data-id=\"ffad27b\" data-element_type=\"widget\" data-widget_type=\"heading.default\">\n\t\t\t\t<div class=\"elementor-widget-container\">\n\t\t\t<h2 class=\"elementor-heading-title elementor-size-default\"><font face=\"Open Sans, sans-serif\"><span style=\"font-size: 18.6667px\">OUTROS ATIVOS :<\/span><\/font><\/h2>\t\t<\/div>\n\t\t\t\t<\/div>\n\t\t\t\t<div class=\"elementor-element elementor-element-193edac elementor-widget elementor-widget-toggle\" data-id=\"193edac\" data-element_type=\"widget\" data-widget_type=\"toggle.default\">\n\t\t\t\t<div class=\"elementor-widget-container\">\n\t\t\t\t\t<div class=\"elementor-toggle\">\n\t\t\t\t\t\t\t<div class=\"elementor-toggle-item\">\n\t\t\t\t\t<div id=\"elementor-tab-title-2641\" class=\"elementor-tab-title\" data-tab=\"1\" role=\"button\" aria-controls=\"elementor-tab-content-2641\" aria-expanded=\"false\">\n\t\t\t\t\t\t\t\t\t\t\t\t<span class=\"elementor-toggle-icon elementor-toggle-icon-left\" aria-hidden=\"true\">\n\t\t\t\t\t\t\t\t\t\t\t\t\t\t\t<span class=\"elementor-toggle-icon-closed\"><i class=\"fas fa-caret-right\"><\/i><\/span>\n\t\t\t\t\t\t\t\t<span class=\"elementor-toggle-icon-opened\"><i class=\"elementor-toggle-icon-opened fas fa-caret-up\"><\/i><\/span>\n\t\t\t\t\t\t\t\t\t\t\t\t\t<\/span>\n\t\t\t\t\t\t\t\t\t\t\t\t<a class=\"elementor-toggle-title\" tabindex=\"0\">ESQUALANO VEGETAL \/<i style=\"font-weight:normal\"> NEOSSANCE SQUALANE<\/i><\/a>\n\t\t\t\t\t<\/div>\n\n\t\t\t\t\t<div id=\"elementor-tab-content-2641\" class=\"elementor-tab-content elementor-clearfix\" data-tab=\"1\" role=\"region\" aria-labelledby=\"elementor-tab-title-2641\"><p>Presente em toda a Trilogia, \u00e9 o melhor hidratante biocompat\u00edvel que sua pele pode ter. Obtido a partir da bio-fermenta\u00e7\u00e3o da cana-de-a\u00e7\u00facar brasileira, uma alternativa limpa e sustent\u00e1vel .<\/p><p>Altamente biocompat\u00edvel, ret\u00e9m a umidade essencial da pele.<\/p><p>Pele hidratada,\u00a0 suave e macia.<\/p><p>Para todos os tipos de pele, g\u00eaneros e idades.<\/p><\/div>\n\t\t\t\t<\/div>\n\t\t\t\t\t\t\t<div class=\"elementor-toggle-item\">\n\t\t\t\t\t<div id=\"elementor-tab-title-2642\" class=\"elementor-tab-title\" data-tab=\"2\" role=\"button\" aria-controls=\"elementor-tab-content-2642\" aria-expanded=\"false\">\n\t\t\t\t\t\t\t\t\t\t\t\t<span class=\"elementor-toggle-icon elementor-toggle-icon-left\" aria-hidden=\"true\">\n\t\t\t\t\t\t\t\t\t\t\t\t\t\t\t<span class=\"elementor-toggle-icon-closed\"><i class=\"fas fa-caret-right\"><\/i><\/span>\n\t\t\t\t\t\t\t\t<span class=\"elementor-toggle-icon-opened\"><i class=\"elementor-toggle-icon-opened fas fa-caret-up\"><\/i><\/span>\n\t\t\t\t\t\t\t\t\t\t\t\t\t<\/span>\n\t\t\t\t\t\t\t\t\t\t\t\t<a class=\"elementor-toggle-title\" tabindex=\"0\">DELTA-VINIFERINA \/<i style=\"font-weight:normal\"> VINIDERM<\/i><\/a>\n\t\t\t\t\t<\/div>\n\n\t\t\t\t\t<div id=\"elementor-tab-content-2642\" class=\"elementor-tab-content elementor-clearfix\" data-tab=\"2\" role=\"region\" aria-labelledby=\"elementor-tab-title-2642\"><p>A Delta-Viniferina \u00e9 um princ\u00edpio ativo do Viniderm, \u00e9 um poderoso antioxidante encontrado naturalmente na videira. \u00c9 obtida em maior concentra\u00e7\u00e3o, atrav\u00e9s da bioconvers\u00e3o do resveratrol, que \u00e9 encontrado nas raras uvas de Languedoc Roussillon. A delta-viniferina associada aos demais polifen\u00f3is da uva, preserva a juventude da pele protegendo nichos de c\u00e9lulas-tronco e DNA mitocondrial e reduz os sinais de envelhecimento ao redensificar a matriz extracelular. Como resultado, temos a a\u00e7\u00e3o protetora, anti-aging e anti-rugas.<\/p><p>Promove efeito tensor , aumenta a elasticidade e firmeza da pele.<\/p><\/div>\n\t\t\t\t<\/div>\n\t\t\t\t\t\t\t<div class=\"elementor-toggle-item\">\n\t\t\t\t\t<div id=\"elementor-tab-title-2643\" class=\"elementor-tab-title\" data-tab=\"3\" role=\"button\" aria-controls=\"elementor-tab-content-2643\" aria-expanded=\"false\">\n\t\t\t\t\t\t\t\t\t\t\t\t<span class=\"elementor-toggle-icon elementor-toggle-icon-left\" aria-hidden=\"true\">\n\t\t\t\t\t\t\t\t\t\t\t\t\t\t\t<span class=\"elementor-toggle-icon-closed\"><i class=\"fas fa-caret-right\"><\/i><\/span>\n\t\t\t\t\t\t\t\t<span class=\"elementor-toggle-icon-opened\"><i class=\"elementor-toggle-icon-opened fas fa-caret-up\"><\/i><\/span>\n\t\t\t\t\t\t\t\t\t\t\t\t\t<\/span>\n\t\t\t\t\t\t\t\t\t\t\t\t<a class=\"elementor-toggle-title\" tabindex=\"0\">\u00c1CIDO HIALUR\u00d4NICO \/<i style=\"font-weight:normal\"> SODIUM HYALURONATE<\/i><\/a>\n\t\t\t\t\t<\/div>\n\n\t\t\t\t\t<div id=\"elementor-tab-content-2643\" class=\"elementor-tab-content elementor-clearfix\" data-tab=\"3\" role=\"region\" aria-labelledby=\"elementor-tab-title-2643\"><p>O \u00c1cido Hialur\u00f4nico de alta densidade ,de origem biotecnol\u00f3gica (s\u00edntese \u00e9 realizada por Streptococcus) \u00e9 indicado principalmente para melhorar o vi\u00e7o da pele, suavizando rugas e outras marcas de express\u00e3o adquiridas no decorrer da idade. Ele tem fun\u00e7\u00e3o fundamental no controle do n\u00edvel de hidrata\u00e7\u00e3o na derme e do t\u00f4nus dos tecidos da pele, colabora na manuten\u00e7\u00e3o do col\u00e1geno, forma um filme protetor protegendo os tecidos subcut\u00e2neos pela limita\u00e7\u00e3o da difus\u00e3o de certas subst\u00e2ncias (toxinas, bact\u00e9rias) e age tamb\u00e9m como lubrificante proporcionando uma apar\u00eancia sedosa e suave no relevo cut\u00e2neo.<\/p><\/div>\n\t\t\t\t<\/div>\n\t\t\t\t\t\t\t<div class=\"elementor-toggle-item\">\n\t\t\t\t\t<div id=\"elementor-tab-title-2644\" class=\"elementor-tab-title\" data-tab=\"4\" role=\"button\" aria-controls=\"elementor-tab-content-2644\" aria-expanded=\"false\">\n\t\t\t\t\t\t\t\t\t\t\t\t<span class=\"elementor-toggle-icon elementor-toggle-icon-left\" aria-hidden=\"true\">\n\t\t\t\t\t\t\t\t\t\t\t\t\t\t\t<span class=\"elementor-toggle-icon-closed\"><i class=\"fas fa-caret-right\"><\/i><\/span>\n\t\t\t\t\t\t\t\t<span class=\"elementor-toggle-icon-opened\"><i class=\"elementor-toggle-icon-opened fas fa-caret-up\"><\/i><\/span>\n\t\t\t\t\t\t\t\t\t\t\t\t\t<\/span>\n\t\t\t\t\t\t\t\t\t\t\t\t<a class=\"elementor-toggle-title\" tabindex=\"0\">NELUPURE \/ <i style=\"font-weight:normal\">NYMPHAEA CAERULEA+NELUMBO NUCIFERA<\/i><\/a>\n\t\t\t\t\t<\/div>\n\n\t\t\t\t\t<div id=\"elementor-tab-content-2644\" class=\"elementor-tab-content elementor-clearfix\" data-tab=\"4\" role=\"region\" aria-labelledby=\"elementor-tab-title-2644\"><p>Baseado na filosofia Ayurv\u00e9dica e na pureza e perfei\u00e7\u00e3o do L\u00f3tus, esse ativo cont\u00e9m um extrato misto de dois tipos de flor de l\u00f3tus, a L\u00f3tus Eg\u00edpcia (Nymphaea caerulea) e a L\u00f3tus Sagrada (Nelumbo nucifera), cuja a\u00e7\u00e3o sin\u00e9rgica transmite pureza e luminosidade.\u00a0<\/p><p>Pela primeira vez na \u00e1rea de cosm\u00e9ticos, essa sinergia traz a inibi\u00e7\u00e3o do receptor de leptina para regular as gl\u00e2ndulas seb\u00e1ceas, evitando o excesso de produ\u00e7\u00e3o de sebo e os processos inflamat\u00f3rios que causam manchas na pele. \u00a0Foi desenvolvido para preparar e iluminar naturalmente a pele para telas (mercado asi\u00e1tico).<\/p><p>Com apenas uma aplica\u00e7\u00e3o \u00e9 suficiente para ver os resultados, pele perfeita em at\u00e9 8 horas.<\/p><\/div>\n\t\t\t\t<\/div>\n\t\t\t\t\t\t\t<div class=\"elementor-toggle-item\">\n\t\t\t\t\t<div id=\"elementor-tab-title-2645\" class=\"elementor-tab-title\" data-tab=\"5\" role=\"button\" aria-controls=\"elementor-tab-content-2645\" aria-expanded=\"false\">\n\t\t\t\t\t\t\t\t\t\t\t\t<span class=\"elementor-toggle-icon elementor-toggle-icon-left\" aria-hidden=\"true\">\n\t\t\t\t\t\t\t\t\t\t\t\t\t\t\t<span class=\"elementor-toggle-icon-closed\"><i class=\"fas fa-caret-right\"><\/i><\/span>\n\t\t\t\t\t\t\t\t<span class=\"elementor-toggle-icon-opened\"><i class=\"elementor-toggle-icon-opened fas fa-caret-up\"><\/i><\/span>\n\t\t\t\t\t\t\t\t\t\t\t\t\t<\/span>\n\t\t\t\t\t\t\t\t\t\t\t\t<a class=\"elementor-toggle-title\" tabindex=\"0\">ALOE VERA  \/ <i style=\"font-weight:normal\">ALOE VERA L. \/ BABOSA<\/i><\/a>\n\t\t\t\t\t<\/div>\n\n\t\t\t\t\t<div id=\"elementor-tab-content-2645\" class=\"elementor-tab-content elementor-clearfix\" data-tab=\"5\" role=\"region\" aria-labelledby=\"elementor-tab-title-2645\"><p>Hidratante, anti-inflamat\u00f3rio, Bioestimulante e Anti-envelhecimento.<\/p><p><strong>ATIVIDADE HIDRATANTE:<\/strong> possui um incr\u00edvel poder hidratante, ajuda na remo\u00e7\u00e3o das c\u00e9lulas mortas e tem um efetivo poder de penetra\u00e7\u00e3o ( transportar outras subst\u00e2ncias atrav\u00e9s da pele.)<\/p><p><strong>ATIVIDADE BIOESTIMULANTE:<\/strong> estimula a produ\u00e7\u00e3o de col\u00e1geno.<\/p><p><strong>ATIVIDADE ANTI-ENVELHECIMENTO:<\/strong> O envelhecimento da pele \u00e9 caracterizado pelo afinamento da epiderme e forma\u00e7\u00e3o de rugas, combinados ao surgimento de linhas, rugas, manchas e sulcos na face. Os componentes do ALOE VERA tem sido utilizados para reverter esse quadro degenerativo atrav\u00e9s da estimula\u00e7\u00e3o da s\u00edntese de col\u00e1geno e elastina.<\/p><p><strong>ATIVIDADE ANTI-INFLAMAT\u00d3RIA:<\/strong> tem uma a\u00e7\u00e3o similar a dos esteroides, como a Cortisona, mas sem seus efeitos colaterais. Aloe vera auxilia o restabelecimento do equil\u00edbrio fisiol\u00f3gico, com a\u00e7\u00e3o regeneradora, t\u00f4nica e emoliente, age diretamente nas diferentes camadas da pele. Estimula a circula\u00e7\u00e3o sangu\u00ednea, aumentando a tonicidade da pele. Os nutrientes contribuem para manter a elasticidade dos m\u00fasculos, produzindo flexibilidade, tonifica\u00e7\u00e3o, hidrata\u00e7\u00e3o e prote\u00e7\u00e3o \u00e0 pele. Energ\u00e9tica e nutritiva , cont\u00e9m 19 amino\u00e1cidos essenciais, necess\u00e1rios para a forma\u00e7\u00e3o e estrutura\u00e7\u00e3o das prote\u00ednas que s\u00e3o \u00e0 base das c\u00e9lulas e tecidos, e tamb\u00e9m minerais como c\u00e1lcio, f\u00f3sforo, cobre, ferro, mangan\u00eas, magn\u00e9sio, pot\u00e1ssio e s\u00f3dio, todos os elementos indispens\u00e1veis para o metabolismo e atividade celular.<\/p><\/div>\n\t\t\t\t<\/div>\n\t\t\t\t\t\t\t<div class=\"elementor-toggle-item\">\n\t\t\t\t\t<div id=\"elementor-tab-title-2646\" class=\"elementor-tab-title\" data-tab=\"6\" role=\"button\" aria-controls=\"elementor-tab-content-2646\" aria-expanded=\"false\">\n\t\t\t\t\t\t\t\t\t\t\t\t<span class=\"elementor-toggle-icon elementor-toggle-icon-left\" aria-hidden=\"true\">\n\t\t\t\t\t\t\t\t\t\t\t\t\t\t\t<span class=\"elementor-toggle-icon-closed\"><i class=\"fas fa-caret-right\"><\/i><\/span>\n\t\t\t\t\t\t\t\t<span class=\"elementor-toggle-icon-opened\"><i class=\"elementor-toggle-icon-opened fas fa-caret-up\"><\/i><\/span>\n\t\t\t\t\t\t\t\t\t\t\t\t\t<\/span>\n\t\t\t\t\t\t\t\t\t\t\t\t<a class=\"elementor-toggle-title\" tabindex=\"0\">ALANTO\u00cdNA \/ <i style=\"font-weight:normal\">ALLANTOIN \/ CONFREY \/ (SYMPHYTUM OFFICINALE)<\/i><\/a>\n\t\t\t\t\t<\/div>\n\n\t\t\t\t\t<div id=\"elementor-tab-content-2646\" class=\"elementor-tab-content elementor-clearfix\" data-tab=\"6\" role=\"region\" aria-labelledby=\"elementor-tab-title-2646\"><p>Propriedades hidratantes, renovador celular, cicatrizantes, <a href=\"https:\/\/pt.wikipedia.org\/wiki\/Queratina\">queratol\u00edticas<\/a>, suavizadoras, protetoras contra agentes irritantes e curativas.<\/p><\/div>\n\t\t\t\t<\/div>\n\t\t\t\t\t\t\t<div class=\"elementor-toggle-item\">\n\t\t\t\t\t<div id=\"elementor-tab-title-2647\" class=\"elementor-tab-title\" data-tab=\"7\" role=\"button\" aria-controls=\"elementor-tab-content-2647\" aria-expanded=\"false\">\n\t\t\t\t\t\t\t\t\t\t\t\t<span class=\"elementor-toggle-icon elementor-toggle-icon-left\" aria-hidden=\"true\">\n\t\t\t\t\t\t\t\t\t\t\t\t\t\t\t<span class=\"elementor-toggle-icon-closed\"><i class=\"fas fa-caret-right\"><\/i><\/span>\n\t\t\t\t\t\t\t\t<span class=\"elementor-toggle-icon-opened\"><i class=\"elementor-toggle-icon-opened fas fa-caret-up\"><\/i><\/span>\n\t\t\t\t\t\t\t\t\t\t\t\t\t<\/span>\n\t\t\t\t\t\t\t\t\t\t\t\t<a class=\"elementor-toggle-title\" tabindex=\"0\">PHYTOATTIVE CH\u00c1 VERDE \/ <i style=\"font-weight:normal\">CAMELLIA SINENSIS<\/i><\/a>\n\t\t\t\t\t<\/div>\n\n\t\t\t\t\t<div id=\"elementor-tab-content-2647\" class=\"elementor-tab-content elementor-clearfix\" data-tab=\"7\" role=\"region\" aria-labelledby=\"elementor-tab-title-2647\"><p>Extrato de ch\u00e1 verde com propriedades: adstringente, antioxidante, antiss\u00e9ptico e regenerador.<\/p><\/div>\n\t\t\t\t<\/div>\n\t\t\t\t\t\t\t<div class=\"elementor-toggle-item\">\n\t\t\t\t\t<div id=\"elementor-tab-title-2648\" class=\"elementor-tab-title\" data-tab=\"8\" role=\"button\" aria-controls=\"elementor-tab-content-2648\" aria-expanded=\"false\">\n\t\t\t\t\t\t\t\t\t\t\t\t<span class=\"elementor-toggle-icon elementor-toggle-icon-left\" aria-hidden=\"true\">\n\t\t\t\t\t\t\t\t\t\t\t\t\t\t\t<span class=\"elementor-toggle-icon-closed\"><i class=\"fas fa-caret-right\"><\/i><\/span>\n\t\t\t\t\t\t\t\t<span class=\"elementor-toggle-icon-opened\"><i class=\"elementor-toggle-icon-opened fas fa-caret-up\"><\/i><\/span>\n\t\t\t\t\t\t\t\t\t\t\t\t\t<\/span>\n\t\t\t\t\t\t\t\t\t\t\t\t<a class=\"elementor-toggle-title\" tabindex=\"0\">AJIDEW ZN \/ <i style=\"font-weight:normal\"> AJIDEW ZN-100<\/i><\/a>\n\t\t\t\t\t<\/div>\n\n\t\t\t\t\t<div id=\"elementor-tab-content-2648\" class=\"elementor-tab-content elementor-clearfix\" data-tab=\"8\" role=\"region\" aria-labelledby=\"elementor-tab-title-2648\"><p>\u00c9 um ativo funcional de origem natural. Reduz o excesso de oleosidade e hidrata ao mesmo tempo devido a combina\u00e7\u00e3o entre o Zinco e o PCA (um dos fatores mais importantes de hidrata\u00e7\u00e3o natural da pele). Promove sensa\u00e7\u00e3o de limpeza e refresc\u00e2ncia ap\u00f3s o uso. Controla a oleosidade sem a\u00e7\u00e3o adstringente.<\/p><p><strong>A\u00e7\u00e3o anti-aging:<\/strong> evita a degrada\u00e7\u00e3o do col\u00e1geno, inibindo a forma\u00e7\u00e3o de rugas. Tamb\u00e9m com atividades antimicrobianas para o combate \u00e0 acne.<\/p><\/div>\n\t\t\t\t<\/div>\n\t\t\t\t\t\t\t<div class=\"elementor-toggle-item\">\n\t\t\t\t\t<div id=\"elementor-tab-title-2649\" class=\"elementor-tab-title\" data-tab=\"9\" role=\"button\" aria-controls=\"elementor-tab-content-2649\" aria-expanded=\"false\">\n\t\t\t\t\t\t\t\t\t\t\t\t<span class=\"elementor-toggle-icon elementor-toggle-icon-left\" aria-hidden=\"true\">\n\t\t\t\t\t\t\t\t\t\t\t\t\t\t\t<span class=\"elementor-toggle-icon-closed\"><i class=\"fas fa-caret-right\"><\/i><\/span>\n\t\t\t\t\t\t\t\t<span class=\"elementor-toggle-icon-opened\"><i class=\"elementor-toggle-icon-opened fas fa-caret-up\"><\/i><\/span>\n\t\t\t\t\t\t\t\t\t\t\t\t\t<\/span>\n\t\t\t\t\t\t\t\t\t\t\t\t<a class=\"elementor-toggle-title\" tabindex=\"0\">D- PANTENOL \/ <i style=\"font-weight:normal\">PANTHENOL<\/i><\/a>\n\t\t\t\t\t<\/div>\n\n\t\t\t\t\t<div id=\"elementor-tab-content-2649\" class=\"elementor-tab-content elementor-clearfix\" data-tab=\"9\" role=\"region\" aria-labelledby=\"elementor-tab-title-2649\"><p>\u00c9 a pr\u00f3-vitamina B5, subst\u00e2ncia considerada a precursora do \u00e1cido pantot\u00eanico.<\/p><p>Fundamental na manuten\u00e7\u00e3o da sa\u00fade e vitalidade da pele, cabelos e unhas.<\/p><p>Na pele ativa a regenera\u00e7\u00e3o da fun\u00e7\u00e3o de barreira\u00a0e melhora a hidrata\u00e7\u00e3o da barreira cut\u00e2nea.<\/p><p>Cicatrizante, a\u00e7\u00e3o umectante e estimulante<\/p><\/div>\n\t\t\t\t<\/div>\n\t\t\t\t\t\t\t\t<\/div>\n\t\t\t\t<\/div>\n\t\t\t\t<\/div>\n\t\t\t\t\t<\/div>\n\t\t<\/div>\n\t\t\t\t<div class=\"elementor-column elementor-col-50 elementor-top-column elementor-element elementor-element-b459a66 elementor-hidden-phone elementor-invisible\" data-id=\"b459a66\" data-element_type=\"column\" data-settings=\"{&quot;background_background&quot;:&quot;classic&quot;,&quot;animation&quot;:&quot;fadeInLeft&quot;}\">\n\t\t\t<div class=\"elementor-widget-wrap\">\n\t\t\t\t\t\t\t<\/div>\n\t\t<\/div>\n\t\t\t\t\t<\/div>\n\t\t<\/section>\n\t\t\t\t<section class=\"elementor-section elementor-top-section elementor-element elementor-element-2b0018f5 elementor-section-boxed elementor-section-height-default elementor-section-height-default\" data-id=\"2b0018f5\" data-element_type=\"section\">\n\t\t\t\t\t\t<div class=\"elementor-container elementor-column-gap-default\">\n\t\t\t\t\t<div class=\"elementor-column elementor-col-100 elementor-top-column elementor-element elementor-element-229cc723\" data-id=\"229cc723\" data-element_type=\"column\">\n\t\t\t<div class=\"elementor-widget-wrap\">\n\t\t\t\t\t\t\t<\/div>\n\t\t<\/div>\n\t\t\t\t\t<\/div>\n\t\t<\/section>\n\t\t\t\t<\/div>\n\t\t","protected":false},"excerpt":{"rendered":"<p>ATIVOS PRINCIPAIS ELXR SKINCARE PREBI\u00d3TICO \/ BIOECOLIA \/ ALPHA-GLUCAN OLIGOSACCHARIDE Alfa-oligoglucana, que promove prote\u00e7\u00e3o e est\u00edmulo dos ecossistemas da pele e cabelo Protege e estimula a primeira barreira de defesa da pele por prevenir a coloniza\u00e7\u00e3o da mesma por bact\u00e9rias indesej\u00e1veis, patog\u00eanicas ou oportunistas. \u00a0 Prebi\u00f3tico, skin-Food, fortalece a barreira cut\u00e2nea. PROBI\u00d3TICO \/ YOGURTENE\u00ae \/ [&hellip;]<\/p>\n","protected":false},"author":1,"featured_media":5138,"parent":0,"menu_order":0,"comment_status":"closed","ping_status":"closed","template":"template-fullwidth-interna.php","meta":{"_acf_changed":false,"_joinchat":[],"footnotes":""},"class_list":["post-4266","page","type-page","status-publish","has-post-thumbnail","hentry"],"acf":[],"_links":{"self":[{"href":"https:\/\/elxrskincare.com.br\/loja\/wp-json\/wp\/v2\/pages\/4266","targetHints":{"allow":["GET"]}}],"collection":[{"href":"https:\/\/elxrskincare.com.br\/loja\/wp-json\/wp\/v2\/pages"}],"about":[{"href":"https:\/\/elxrskincare.com.br\/loja\/wp-json\/wp\/v2\/types\/page"}],"author":[{"embeddable":true,"href":"https:\/\/elxrskincare.com.br\/loja\/wp-json\/wp\/v2\/users\/1"}],"replies":[{"embeddable":true,"href":"https:\/\/elxrskincare.com.br\/loja\/wp-json\/wp\/v2\/comments?post=4266"}],"version-history":[{"count":3,"href":"https:\/\/elxrskincare.com.br\/loja\/wp-json\/wp\/v2\/pages\/4266\/revisions"}],"predecessor-version":[{"id":5155,"href":"https:\/\/elxrskincare.com.br\/loja\/wp-json\/wp\/v2\/pages\/4266\/revisions\/5155"}],"wp:featuredmedia":[{"embeddable":true,"href":"https:\/\/elxrskincare.com.br\/loja\/wp-json\/wp\/v2\/media\/5138"}],"wp:attachment":[{"href":"https:\/\/elxrskincare.com.br\/loja\/wp-json\/wp\/v2\/media?parent=4266"}],"curies":[{"name":"wp","href":"https:\/\/api.w.org\/{rel}","templated":true}]}}