{"id":342,"date":"2017-12-05T22:46:47","date_gmt":"2017-12-05T22:46:47","guid":{"rendered":"https:\/\/elixir.art.br\/wp\/?page_id=342"},"modified":"2021-08-03T20:47:18","modified_gmt":"2021-08-03T23:47:18","slug":"perguntas-frequentes","status":"publish","type":"page","link":"https:\/\/elxrskincare.com.br\/loja\/perguntas-frequentes\/","title":{"rendered":"Perguntas Frequentes"},"content":{"rendered":"\t\t<div data-elementor-type=\"wp-page\" data-elementor-id=\"342\" class=\"elementor elementor-342\">\n\t\t\t\t\t\t<section class=\"elementor-section elementor-top-section elementor-element elementor-element-ce4a7e3 elementor-section-boxed elementor-section-height-default elementor-section-height-default\" data-id=\"ce4a7e3\" data-element_type=\"section\">\n\t\t\t\t\t\t<div class=\"elementor-container elementor-column-gap-default\">\n\t\t\t\t\t<div class=\"elementor-column elementor-col-100 elementor-top-column elementor-element elementor-element-a9e2e0c\" data-id=\"a9e2e0c\" data-element_type=\"column\">\n\t\t\t<div class=\"elementor-widget-wrap elementor-element-populated\">\n\t\t\t\t\t\t<div class=\"elementor-element elementor-element-a00a298 elementor-widget elementor-widget-toggle\" data-id=\"a00a298\" data-element_type=\"widget\" data-widget_type=\"toggle.default\">\n\t\t\t\t<div class=\"elementor-widget-container\">\n\t\t\t\t\t<div class=\"elementor-toggle\">\n\t\t\t\t\t\t\t<div class=\"elementor-toggle-item\">\n\t\t\t\t\t<div id=\"elementor-tab-title-1671\" class=\"elementor-tab-title\" data-tab=\"1\" role=\"button\" aria-controls=\"elementor-tab-content-1671\" aria-expanded=\"false\">\n\t\t\t\t\t\t\t\t\t\t\t\t<span class=\"elementor-toggle-icon elementor-toggle-icon-left\" aria-hidden=\"true\">\n\t\t\t\t\t\t\t\t\t\t\t\t\t\t\t<span class=\"elementor-toggle-icon-closed\"><i class=\"fas fa-caret-right\"><\/i><\/span>\n\t\t\t\t\t\t\t\t<span class=\"elementor-toggle-icon-opened\"><i class=\"elementor-toggle-icon-opened fas fa-caret-up\"><\/i><\/span>\n\t\t\t\t\t\t\t\t\t\t\t\t\t<\/span>\n\t\t\t\t\t\t\t\t\t\t\t\t<a class=\"elementor-toggle-title\" tabindex=\"0\">POR QUE USAR ELXR SKINCARE?<\/a>\n\t\t\t\t\t<\/div>\n\n\t\t\t\t\t<div id=\"elementor-tab-content-1671\" class=\"elementor-tab-content elementor-clearfix\" data-tab=\"1\" role=\"region\" aria-labelledby=\"elementor-tab-title-1671\"><p>Vegano de alta performance, a trilogia ELXR entrega resultados a partir da biotecnologia e de ativos naturais. Beleza limpa, com tecnologia e performance.<\/p><p>Fortalece a barreira cut\u00e2nea e trabalha a favor da sua pele, para pele saud\u00e1vel, fortalecimento e glow natural.<\/p><\/div>\n\t\t\t\t<\/div>\n\t\t\t\t\t\t\t<div class=\"elementor-toggle-item\">\n\t\t\t\t\t<div id=\"elementor-tab-title-1672\" class=\"elementor-tab-title\" data-tab=\"2\" role=\"button\" aria-controls=\"elementor-tab-content-1672\" aria-expanded=\"false\">\n\t\t\t\t\t\t\t\t\t\t\t\t<span class=\"elementor-toggle-icon elementor-toggle-icon-left\" aria-hidden=\"true\">\n\t\t\t\t\t\t\t\t\t\t\t\t\t\t\t<span class=\"elementor-toggle-icon-closed\"><i class=\"fas fa-caret-right\"><\/i><\/span>\n\t\t\t\t\t\t\t\t<span class=\"elementor-toggle-icon-opened\"><i class=\"elementor-toggle-icon-opened fas fa-caret-up\"><\/i><\/span>\n\t\t\t\t\t\t\t\t\t\t\t\t\t<\/span>\n\t\t\t\t\t\t\t\t\t\t\t\t<a class=\"elementor-toggle-title\" tabindex=\"0\">PORQUE USAR OS 3 PASSOS DA TRILOGIA?<\/a>\n\t\t\t\t\t<\/div>\n\n\t\t\t\t\t<div id=\"elementor-tab-content-1672\" class=\"elementor-tab-content elementor-clearfix\" data-tab=\"2\" role=\"region\" aria-labelledby=\"elementor-tab-title-1672\"><p>\u00c9 necess\u00e1rio limpar hidratando, sem ressecar a pele (1 Hydra Cleanser), com ativos calmantes, que tamb\u00e9m energizam e preparam a pele (2 Beauty Mist) para que o efeito tensor \/ lifting (3 Bio-Lift) e todos os ativos penetrem e potencializem adequadamente.<\/p><p>Sinergia entre ativos dos 3 passos aumentam a performance da linha.<\/p><\/div>\n\t\t\t\t<\/div>\n\t\t\t\t\t\t\t<div class=\"elementor-toggle-item\">\n\t\t\t\t\t<div id=\"elementor-tab-title-1673\" class=\"elementor-tab-title\" data-tab=\"3\" role=\"button\" aria-controls=\"elementor-tab-content-1673\" aria-expanded=\"false\">\n\t\t\t\t\t\t\t\t\t\t\t\t<span class=\"elementor-toggle-icon elementor-toggle-icon-left\" aria-hidden=\"true\">\n\t\t\t\t\t\t\t\t\t\t\t\t\t\t\t<span class=\"elementor-toggle-icon-closed\"><i class=\"fas fa-caret-right\"><\/i><\/span>\n\t\t\t\t\t\t\t\t<span class=\"elementor-toggle-icon-opened\"><i class=\"elementor-toggle-icon-opened fas fa-caret-up\"><\/i><\/span>\n\t\t\t\t\t\t\t\t\t\t\t\t\t<\/span>\n\t\t\t\t\t\t\t\t\t\t\t\t<a class=\"elementor-toggle-title\" tabindex=\"0\">ALEM DAS INSTRU\u00c7\u00d5ES DA EMBALAGEM, COMO POSSO USAR OS PRODUTOS DA TRILOGIA ELXR?<\/a>\n\t\t\t\t\t<\/div>\n\n\t\t\t\t\t<div id=\"elementor-tab-content-1673\" class=\"elementor-tab-content elementor-clearfix\" data-tab=\"3\" role=\"region\" aria-labelledby=\"elementor-tab-title-1673\"><p><strong>1 HYDRA CLEANSER<\/strong>, pode ser usado na face, pesco\u00e7o e colo.<\/p><p>Espere limpeza radiante, hidratante e energizante.<\/p><p><strong>2 BEAUTY MIST<\/strong> tamb\u00e9m pode ser usado para acalmar a pele (p\u00f3s sol, p\u00f3s procedimentos est\u00e9ticos ou cir\u00fargicos, p\u00f3s barba, uso de m\u00e1scara facial&#8230; ), como pr\u00e9-make *(preparando e aumentando a durabilidade da maquiagem), p\u00f3s-praia** (hidratando e protegendo a pele) pode ser usado nos cabelos \u00famidos para um boost e efeito p\u00f3s praia (melhora o condicionamento dos cabelos e proporciona volume e ondas,\/ beach wave)<\/p><p>Tamb\u00e9m excelente alternativa para equilibrar e fortalecer o microbioma das m\u00e3os devido ao uso de \u00e1lcool gel, evitando o envelhecimento precoce por estreitamento de barreira.<\/p><p>**Tonifica a pele, corrige os primeiros sinais do envelhecimento, preenchendo as primeiras rugas linhas suaves, j\u00e1 que \u00e9 poderoso antioxidante<\/p><p>*No p\u00f3s Sol, acalma a pele e ajuda a diminuir a vermelhid\u00e3o, gra\u00e7as ao Esqualano vegetal, Pantenol, Aloe Vera e \u00c1cido Hialur\u00f4nico\u00a0<\/p><p><strong>3 BIO-LIFT<\/strong> pode ser usado no rosto, linha da mand\u00edbula, colo, pesco\u00e7o e m\u00e3os .<\/p><p>Alternativa para equilibrar e fortalecer o microbioma da face e m\u00e3os devido ao uso de m\u00e1scara e \u00e1lcool gel, evitando o envelhecimento precoce por estreitamento de barreira.<\/p><p>Potencialize e acalme a pele , p\u00f3s tratamentos dermatol\u00f3gicos (como bioestimuladores que promovem col\u00e1geno) com massagens e Bio-Lift.<\/p><\/div>\n\t\t\t\t<\/div>\n\t\t\t\t\t\t\t<div class=\"elementor-toggle-item\">\n\t\t\t\t\t<div id=\"elementor-tab-title-1674\" class=\"elementor-tab-title\" data-tab=\"4\" role=\"button\" aria-controls=\"elementor-tab-content-1674\" aria-expanded=\"false\">\n\t\t\t\t\t\t\t\t\t\t\t\t<span class=\"elementor-toggle-icon elementor-toggle-icon-left\" aria-hidden=\"true\">\n\t\t\t\t\t\t\t\t\t\t\t\t\t\t\t<span class=\"elementor-toggle-icon-closed\"><i class=\"fas fa-caret-right\"><\/i><\/span>\n\t\t\t\t\t\t\t\t<span class=\"elementor-toggle-icon-opened\"><i class=\"elementor-toggle-icon-opened fas fa-caret-up\"><\/i><\/span>\n\t\t\t\t\t\t\t\t\t\t\t\t\t<\/span>\n\t\t\t\t\t\t\t\t\t\t\t\t<a class=\"elementor-toggle-title\" tabindex=\"0\">POSSO USAR ITENS EM SEPARADO?<\/a>\n\t\t\t\t\t<\/div>\n\n\t\t\t\t\t<div id=\"elementor-tab-content-1674\" class=\"elementor-tab-content elementor-clearfix\" data-tab=\"4\" role=\"region\" aria-labelledby=\"elementor-tab-title-1674\"><p>Sim, pode.<\/p><p>Para peles jovens e oleosas, passo 1 e 2 entregam glow e fortalecimento, pequenas corre\u00e7\u00f5es de rugas e linhas, sendo desnecess\u00e1rio o passo 3.<\/p><p>Para a rotina completa e lifting imediato e cumulativo, usar a trilogia 1,2,3.<\/p><\/div>\n\t\t\t\t<\/div>\n\t\t\t\t\t\t\t<div class=\"elementor-toggle-item\">\n\t\t\t\t\t<div id=\"elementor-tab-title-1675\" class=\"elementor-tab-title\" data-tab=\"5\" role=\"button\" aria-controls=\"elementor-tab-content-1675\" aria-expanded=\"false\">\n\t\t\t\t\t\t\t\t\t\t\t\t<span class=\"elementor-toggle-icon elementor-toggle-icon-left\" aria-hidden=\"true\">\n\t\t\t\t\t\t\t\t\t\t\t\t\t\t\t<span class=\"elementor-toggle-icon-closed\"><i class=\"fas fa-caret-right\"><\/i><\/span>\n\t\t\t\t\t\t\t\t<span class=\"elementor-toggle-icon-opened\"><i class=\"elementor-toggle-icon-opened fas fa-caret-up\"><\/i><\/span>\n\t\t\t\t\t\t\t\t\t\t\t\t\t<\/span>\n\t\t\t\t\t\t\t\t\t\t\t\t<a class=\"elementor-toggle-title\" tabindex=\"0\">ELXR SKINCARE \u00c9 ALL GENDER?<\/a>\n\t\t\t\t\t<\/div>\n\n\t\t\t\t\t<div id=\"elementor-tab-content-1675\" class=\"elementor-tab-content elementor-clearfix\" data-tab=\"5\" role=\"region\" aria-labelledby=\"elementor-tab-title-1675\"><p>Sim, todas a peles, g\u00eaneros e idades.<\/p><p>Sensorialmente e dermatologicamente desenvolvido para todos.<\/p><\/div>\n\t\t\t\t<\/div>\n\t\t\t\t\t\t\t<div class=\"elementor-toggle-item\">\n\t\t\t\t\t<div id=\"elementor-tab-title-1676\" class=\"elementor-tab-title\" data-tab=\"6\" role=\"button\" aria-controls=\"elementor-tab-content-1676\" aria-expanded=\"false\">\n\t\t\t\t\t\t\t\t\t\t\t\t<span class=\"elementor-toggle-icon elementor-toggle-icon-left\" aria-hidden=\"true\">\n\t\t\t\t\t\t\t\t\t\t\t\t\t\t\t<span class=\"elementor-toggle-icon-closed\"><i class=\"fas fa-caret-right\"><\/i><\/span>\n\t\t\t\t\t\t\t\t<span class=\"elementor-toggle-icon-opened\"><i class=\"elementor-toggle-icon-opened fas fa-caret-up\"><\/i><\/span>\n\t\t\t\t\t\t\t\t\t\t\t\t\t<\/span>\n\t\t\t\t\t\t\t\t\t\t\t\t<a class=\"elementor-toggle-title\" tabindex=\"0\">O QUE \u00c9 UM PRODUTO VEGANO DE ALTA PERFORMANCE?<\/a>\n\t\t\t\t\t<\/div>\n\n\t\t\t\t\t<div id=\"elementor-tab-content-1676\" class=\"elementor-tab-content elementor-clearfix\" data-tab=\"6\" role=\"region\" aria-labelledby=\"elementor-tab-title-1676\"><p>Al\u00e9m da Beleza limpa, n\u00e3o testado em animais a linha ELXR foi criado buscando resultados.<\/p><p>Ativos como Neossance Squalane (esqualano derivado de fermenta\u00e7\u00e3o da cana-de-a\u00e7\u00facar biocompativel com a pele), Yogurtene vegetal (probi\u00f3tico), Bioecolia (prebi\u00f3tico), \u00c1cido Hialur\u00f4nico (hidrata\u00e7\u00e3o e preenchimento), Viniderm (um poderoso pool de antioxidantes naturais a partir de polifen\u00f3is da uva \/ Delta \u2013Viniferina \/ Vitis Vinefera Juice Extrat), que comprovadamente traz um efeito lifting imediato e minimiza rugas no uso continuo, Aloe Vera (cicatrizante), Pantenol (hidratante e calmante), Glic\u00f3lico de Ch\u00e1 Verde entre outros ativos de composi\u00e7\u00e3o.<\/p><p>A porcentagem de ativos na f\u00f3rmula do Bio-Lift \u00e9 bastante alta em rela\u00e7\u00e3o aos produtos similares (18,04 %).<\/p><p><strong>BIO-LIFT<\/strong>: No estudo intitulado \u201cAVALIA\u00c7\u00c3O DA FIRMEZA E ELASTICIDADE POR CUTOMETRIA\u201d, referente ao produto BIO-LIFT &#8211; LIFTING PROBI\u00d3TICO &#8211; CREME LIFTING FACIAL, realizado pelo laborat\u00f3rio IPclin Instituto de Pesquisa Cl\u00ednica Integrada Ltda, pode-se concluir que:<\/p><p><em>\u201cO produto apresentou melhora estatisticamente significativa na firmeza e na elasticidade da pele, logo ap\u00f3s a aplica\u00e7\u00e3o e ap\u00f3s 30 dias de uso do produto. <\/em><\/p><p><em>Dessa maneira o produto suporta o apelo de lifting imediato. <\/em><\/p><p><em>Melhora significativa de 26%, sinergia entre lifting + firmeza + elasticidade da pele, logo ap\u00f3s a aplica\u00e7\u00e3o.\u201d\u2019<\/em><\/p><p><em>E<\/em><em>feito lifting imediato (18,04% de ativos \/26% sinergia entre lifting + firmeza+ elasticidade na primeira aplicacao) potencializado com uso prolongado. <\/em><\/p><p>Efic\u00e1cia comprovada, dermatologicamente testado.<\/p><\/div>\n\t\t\t\t<\/div>\n\t\t\t\t\t\t\t<div class=\"elementor-toggle-item\">\n\t\t\t\t\t<div id=\"elementor-tab-title-1677\" class=\"elementor-tab-title\" data-tab=\"7\" role=\"button\" aria-controls=\"elementor-tab-content-1677\" aria-expanded=\"false\">\n\t\t\t\t\t\t\t\t\t\t\t\t<span class=\"elementor-toggle-icon elementor-toggle-icon-left\" aria-hidden=\"true\">\n\t\t\t\t\t\t\t\t\t\t\t\t\t\t\t<span class=\"elementor-toggle-icon-closed\"><i class=\"fas fa-caret-right\"><\/i><\/span>\n\t\t\t\t\t\t\t\t<span class=\"elementor-toggle-icon-opened\"><i class=\"elementor-toggle-icon-opened fas fa-caret-up\"><\/i><\/span>\n\t\t\t\t\t\t\t\t\t\t\t\t\t<\/span>\n\t\t\t\t\t\t\t\t\t\t\t\t<a class=\"elementor-toggle-title\" tabindex=\"0\">QUAL A DIFEREN\u00c7A ENTRE PRE E PROBI\u00d3TICOS?<\/a>\n\t\t\t\t\t<\/div>\n\n\t\t\t\t\t<div id=\"elementor-tab-content-1677\" class=\"elementor-tab-content elementor-clearfix\" data-tab=\"7\" role=\"region\" aria-labelledby=\"elementor-tab-title-1677\"><p>Prebi\u00f3ticos s\u00e3o as substratos que fornecem nutrientes, alimentam os Probi\u00f3ticos.<\/p><p>Eles n\u00e3o beneficiam diretamente a pele, mas permitem que certos probi\u00f3ticos ben\u00e9ficos prosperem mais rapidamente, fortalecendo a barreira cut\u00e2nea e trazendo equilibrio e brilho .<br \/><br \/><\/p><\/div>\n\t\t\t\t<\/div>\n\t\t\t\t\t\t\t<div class=\"elementor-toggle-item\">\n\t\t\t\t\t<div id=\"elementor-tab-title-1678\" class=\"elementor-tab-title\" data-tab=\"8\" role=\"button\" aria-controls=\"elementor-tab-content-1678\" aria-expanded=\"false\">\n\t\t\t\t\t\t\t\t\t\t\t\t<span class=\"elementor-toggle-icon elementor-toggle-icon-left\" aria-hidden=\"true\">\n\t\t\t\t\t\t\t\t\t\t\t\t\t\t\t<span class=\"elementor-toggle-icon-closed\"><i class=\"fas fa-caret-right\"><\/i><\/span>\n\t\t\t\t\t\t\t\t<span class=\"elementor-toggle-icon-opened\"><i class=\"elementor-toggle-icon-opened fas fa-caret-up\"><\/i><\/span>\n\t\t\t\t\t\t\t\t\t\t\t\t\t<\/span>\n\t\t\t\t\t\t\t\t\t\t\t\t<a class=\"elementor-toggle-title\" tabindex=\"0\">BENEF\u00cdCIOS DA SINERGIA PRE+PROBI\u00d3TICOS<\/a>\n\t\t\t\t\t<\/div>\n\n\t\t\t\t\t<div id=\"elementor-tab-content-1678\" class=\"elementor-tab-content elementor-clearfix\" data-tab=\"8\" role=\"region\" aria-labelledby=\"elementor-tab-title-1678\"><p>Essencialmente, ajudam a construir a resili\u00eancia da pele e refor\u00e7ar a imunidade, fortalecendo a barreira cut\u00e2nea e devolvem radi\u00e2ncia saud\u00e1vel e natural.<\/p><p>Protegem, hidratam, mant\u00e9m o pH, servem como escudo protetor de pat\u00f3genos e agentes agressores externos.<\/p><p>Regulam as respostas inflamat\u00f3ria* naturais da pele, o que significa que o equil\u00edbrio \u00e9 mantido e a pele se torna menos reativa, mais forte e equilibrada.<\/p><p>Pele fortalecida de dentro para fora, entregando como resultado um glow natural.<\/p><p><a href=\"https:\/\/elxrskincare.com.br\/loja\/beneficios\/\">Saiba mais [&#8230;<\/a>]<\/p><\/div>\n\t\t\t\t<\/div>\n\t\t\t\t\t\t\t<div class=\"elementor-toggle-item\">\n\t\t\t\t\t<div id=\"elementor-tab-title-1679\" class=\"elementor-tab-title\" data-tab=\"9\" role=\"button\" aria-controls=\"elementor-tab-content-1679\" aria-expanded=\"false\">\n\t\t\t\t\t\t\t\t\t\t\t\t<span class=\"elementor-toggle-icon elementor-toggle-icon-left\" aria-hidden=\"true\">\n\t\t\t\t\t\t\t\t\t\t\t\t\t\t\t<span class=\"elementor-toggle-icon-closed\"><i class=\"fas fa-caret-right\"><\/i><\/span>\n\t\t\t\t\t\t\t\t<span class=\"elementor-toggle-icon-opened\"><i class=\"elementor-toggle-icon-opened fas fa-caret-up\"><\/i><\/span>\n\t\t\t\t\t\t\t\t\t\t\t\t\t<\/span>\n\t\t\t\t\t\t\t\t\t\t\t\t<a class=\"elementor-toggle-title\" tabindex=\"0\">COMO OS PRE+PROBI\u00d3TICOS ATUAM NO CUIDADO COM A PELE?<\/a>\n\t\t\t\t\t<\/div>\n\n\t\t\t\t\t<div id=\"elementor-tab-content-1679\" class=\"elementor-tab-content elementor-clearfix\" data-tab=\"9\" role=\"region\" aria-labelledby=\"elementor-tab-title-1679\"><p>O estilo de vida moderno, estresse, poluentes e agress\u00f5es qu\u00edmicas, frequentemente danificam esse ecossistema e pode resultar em ressecamento, pele sens\u00edvel e desvitalizada com o enfraquecimento da barreira cut\u00e2nea.<\/p><p>M\u00e1scaras e \u00e1lcool gel tamb\u00e9m destroem esse equilibrio .<\/p><p>Probi\u00f3ticos t\u00f3picos + prebi\u00f3ticos t\u00eam efeito calmante e equilibram a flora natural da pele para fortalecimento e florescimento de uma cutis renovada.<\/p><p>Barreira da sua pele integra e equilibrada, traz como resultados: a regula\u00e7\u00e3o da produ\u00e7\u00e3o de oleosidade natural, hidrata\u00e7\u00e3o e elimina\u00e7\u00e3o dos radicais livres*.<\/p><p><a href=\"https:\/\/elxrskincare.com.br\/loja\/beneficios\/\">Saiba mais [&#8230;<\/a>]<\/p><\/div>\n\t\t\t\t<\/div>\n\t\t\t\t\t\t\t<div class=\"elementor-toggle-item\">\n\t\t\t\t\t<div id=\"elementor-tab-title-16710\" class=\"elementor-tab-title\" data-tab=\"10\" role=\"button\" aria-controls=\"elementor-tab-content-16710\" aria-expanded=\"false\">\n\t\t\t\t\t\t\t\t\t\t\t\t<span class=\"elementor-toggle-icon elementor-toggle-icon-left\" aria-hidden=\"true\">\n\t\t\t\t\t\t\t\t\t\t\t\t\t\t\t<span class=\"elementor-toggle-icon-closed\"><i class=\"fas fa-caret-right\"><\/i><\/span>\n\t\t\t\t\t\t\t\t<span class=\"elementor-toggle-icon-opened\"><i class=\"elementor-toggle-icon-opened fas fa-caret-up\"><\/i><\/span>\n\t\t\t\t\t\t\t\t\t\t\t\t\t<\/span>\n\t\t\t\t\t\t\t\t\t\t\t\t<a class=\"elementor-toggle-title\" tabindex=\"0\">PROBI\u00d3TICOS X POLUI\u00c7\u00c3O<\/a>\n\t\t\t\t\t<\/div>\n\n\t\t\t\t\t<div id=\"elementor-tab-content-16710\" class=\"elementor-tab-content elementor-clearfix\" data-tab=\"10\" role=\"region\" aria-labelledby=\"elementor-tab-title-16710\"><p>Polui\u00e7\u00e3o gera radicais livres, que por sua vez tem a capacidade de acelerar o envelhecimento e desidratar a pele.<\/p><p>Os probi\u00f3ticos podem aumentar a defesa natural da pele contra esses agressores quando aplicados topicamente. Ativam o sistema de defesa natural da pele e restauram o equil\u00edbrio, eles s\u00e3o o escudo protetor contra danos di\u00e1rios (polui\u00e7\u00e3o, estresse, luz azul*, radicais livres&#8230;). Evitam os danos causados pela polui\u00e7\u00e3o e o estresse, a perda do col\u00e1geno e elastina .<\/p><p>Pense neles como seu escudo protetor contra os agressores ambientais e todos os danos feitos em nossa pele diariamente.<\/p><p>*N\u00e3o isenta o uso de filtro solar e barreira f\u00edsicas.<\/p><\/div>\n\t\t\t\t<\/div>\n\t\t\t\t\t\t\t<div class=\"elementor-toggle-item\">\n\t\t\t\t\t<div id=\"elementor-tab-title-16711\" class=\"elementor-tab-title\" data-tab=\"11\" role=\"button\" aria-controls=\"elementor-tab-content-16711\" aria-expanded=\"false\">\n\t\t\t\t\t\t\t\t\t\t\t\t<span class=\"elementor-toggle-icon elementor-toggle-icon-left\" aria-hidden=\"true\">\n\t\t\t\t\t\t\t\t\t\t\t\t\t\t\t<span class=\"elementor-toggle-icon-closed\"><i class=\"fas fa-caret-right\"><\/i><\/span>\n\t\t\t\t\t\t\t\t<span class=\"elementor-toggle-icon-opened\"><i class=\"elementor-toggle-icon-opened fas fa-caret-up\"><\/i><\/span>\n\t\t\t\t\t\t\t\t\t\t\t\t\t<\/span>\n\t\t\t\t\t\t\t\t\t\t\t\t<a class=\"elementor-toggle-title\" tabindex=\"0\">ACNE E PROBI\u00d3TICOS<\/a>\n\t\t\t\t\t<\/div>\n\n\t\t\t\t\t<div id=\"elementor-tab-content-16711\" class=\"elementor-tab-content elementor-clearfix\" data-tab=\"11\" role=\"region\" aria-labelledby=\"elementor-tab-title-16711\"><p>Estudos descobriram que os produtos contendo lactobacilos (um tipo de bact\u00e9ria geralmente encontrada no iogurte convencionais ou veganos) s\u00e3o eficazes no tratamento da acne.<\/p><p>Os probi\u00f3ticos cuidam da microflora cut\u00e2nea e s\u00e3o uma forma promissora de tratar a pele propensa a acne, acalmando e equilibrando a resposta inflamat\u00f3ria.<\/p><\/div>\n\t\t\t\t<\/div>\n\t\t\t\t\t\t\t<div class=\"elementor-toggle-item\">\n\t\t\t\t\t<div id=\"elementor-tab-title-16712\" class=\"elementor-tab-title\" data-tab=\"12\" role=\"button\" aria-controls=\"elementor-tab-content-16712\" aria-expanded=\"false\">\n\t\t\t\t\t\t\t\t\t\t\t\t<span class=\"elementor-toggle-icon elementor-toggle-icon-left\" aria-hidden=\"true\">\n\t\t\t\t\t\t\t\t\t\t\t\t\t\t\t<span class=\"elementor-toggle-icon-closed\"><i class=\"fas fa-caret-right\"><\/i><\/span>\n\t\t\t\t\t\t\t\t<span class=\"elementor-toggle-icon-opened\"><i class=\"elementor-toggle-icon-opened fas fa-caret-up\"><\/i><\/span>\n\t\t\t\t\t\t\t\t\t\t\t\t\t<\/span>\n\t\t\t\t\t\t\t\t\t\t\t\t<a class=\"elementor-toggle-title\" tabindex=\"0\">PORQUE O PRE+PROBI\u00d3TICOS EST\u00c3O NA COMPOSI\u00c7\u00c3O?<\/a>\n\t\t\t\t\t<\/div>\n\n\t\t\t\t\t<div id=\"elementor-tab-content-16712\" class=\"elementor-tab-content elementor-clearfix\" data-tab=\"12\" role=\"region\" aria-labelledby=\"elementor-tab-title-16712\"><p>Pre + Probi\u00f3ticos equilibram o microbioma cut\u00e2neo, fortalecendo sua barreira, devolvendo<\/p><p>radi\u00e2ncia natural. ELXR Skincare colabora ativamente na produ\u00e7\u00e3o de col\u00e1geno, elastina e o brilho naturalmente saud\u00e1vel de uma pele fortalecida.<\/p><p>O resultado da sinergia de ELXR \u00e9 uma pele fortalecida de dentro para fora, trabalhando em sintonia com a renova\u00e7\u00e3o celular, entregando como resultado um glow natural.<\/p><p>Pele bonita naturalmente, mesmo sem maquiagem.<\/p><\/div>\n\t\t\t\t<\/div>\n\t\t\t\t\t\t\t<div class=\"elementor-toggle-item\">\n\t\t\t\t\t<div id=\"elementor-tab-title-16713\" class=\"elementor-tab-title\" data-tab=\"13\" role=\"button\" aria-controls=\"elementor-tab-content-16713\" aria-expanded=\"false\">\n\t\t\t\t\t\t\t\t\t\t\t\t<span class=\"elementor-toggle-icon elementor-toggle-icon-left\" aria-hidden=\"true\">\n\t\t\t\t\t\t\t\t\t\t\t\t\t\t\t<span class=\"elementor-toggle-icon-closed\"><i class=\"fas fa-caret-right\"><\/i><\/span>\n\t\t\t\t\t\t\t\t<span class=\"elementor-toggle-icon-opened\"><i class=\"elementor-toggle-icon-opened fas fa-caret-up\"><\/i><\/span>\n\t\t\t\t\t\t\t\t\t\t\t\t\t<\/span>\n\t\t\t\t\t\t\t\t\t\t\t\t<a class=\"elementor-toggle-title\" tabindex=\"0\">QUAIS OS EFEITOS DE PR\u00c9+PROBI\u00d3TICOS NA PELE?<\/a>\n\t\t\t\t\t<\/div>\n\n\t\t\t\t\t<div id=\"elementor-tab-content-16713\" class=\"elementor-tab-content elementor-clearfix\" data-tab=\"13\" role=\"region\" aria-labelledby=\"elementor-tab-title-16713\"><p>Pre+ Probi\u00f3ticos combinados s\u00e3o skinfood, alimentam e fortalecem o microbioma cut\u00e2neo e est\u00e3o em oposi\u00e7\u00e3o a ativos qu\u00edmicos que exfoliam e reduzem a barreira cut\u00e2nea (ativos qu\u00edmicos, \u00e1cidos, peelings, que agem retirando a camada mais externa da pele, trazendo como consequ\u00eancia uma pele fragilizada e com afinamento ).<\/p><p>Protegem, hidratam, mantem o pH, servem como escudo protetor de pat\u00f3genos e agentes agressores externos.<\/p><p>Estudos comprovam que probi\u00f3ticos tamb\u00e9m atuam nos fatores de crescimento e renova\u00e7\u00e3o celular, aumentando a densidade (leia se um aumento de volume natural, biol\u00f3gico) da pele.<\/p><\/div>\n\t\t\t\t<\/div>\n\t\t\t\t\t\t\t<div class=\"elementor-toggle-item\">\n\t\t\t\t\t<div id=\"elementor-tab-title-16714\" class=\"elementor-tab-title\" data-tab=\"14\" role=\"button\" aria-controls=\"elementor-tab-content-16714\" aria-expanded=\"false\">\n\t\t\t\t\t\t\t\t\t\t\t\t<span class=\"elementor-toggle-icon elementor-toggle-icon-left\" aria-hidden=\"true\">\n\t\t\t\t\t\t\t\t\t\t\t\t\t\t\t<span class=\"elementor-toggle-icon-closed\"><i class=\"fas fa-caret-right\"><\/i><\/span>\n\t\t\t\t\t\t\t\t<span class=\"elementor-toggle-icon-opened\"><i class=\"elementor-toggle-icon-opened fas fa-caret-up\"><\/i><\/span>\n\t\t\t\t\t\t\t\t\t\t\t\t\t<\/span>\n\t\t\t\t\t\t\t\t\t\t\t\t<a class=\"elementor-toggle-title\" tabindex=\"0\">A LINHA ELXR PODE SER USADA AP\u00d3S PROCEDIMENTOS EST\u00c9TICOS?<\/a>\n\t\t\t\t\t<\/div>\n\n\t\t\t\t\t<div id=\"elementor-tab-content-16714\" class=\"elementor-tab-content elementor-clearfix\" data-tab=\"14\" role=\"region\" aria-labelledby=\"elementor-tab-title-16714\"><p>Fortalece a barreira cut\u00e2nea e melhora a condi\u00e7\u00e3o da pele sens\u00edvel ou sensibilizada por procedimentos est\u00e9ticos. Devolve o conforto e as condi\u00e7\u00f5es saud\u00e1veis da pele atrav\u00e9s da tecnologia de isolamento epid\u00e9rmico, bloqueando os efeitos do estresse oxidativo que reflete diretamente sobre a pele.<\/p><p>\u00c9 livre de parabenos, corantes e fragr\u00e2ncias, sendo tamb\u00e9m indicado para peles mais sens\u00edveis e problem\u00e1ticas.<\/p><\/div>\n\t\t\t\t<\/div>\n\t\t\t\t\t\t\t<div class=\"elementor-toggle-item\">\n\t\t\t\t\t<div id=\"elementor-tab-title-16715\" class=\"elementor-tab-title\" data-tab=\"15\" role=\"button\" aria-controls=\"elementor-tab-content-16715\" aria-expanded=\"false\">\n\t\t\t\t\t\t\t\t\t\t\t\t<span class=\"elementor-toggle-icon elementor-toggle-icon-left\" aria-hidden=\"true\">\n\t\t\t\t\t\t\t\t\t\t\t\t\t\t\t<span class=\"elementor-toggle-icon-closed\"><i class=\"fas fa-caret-right\"><\/i><\/span>\n\t\t\t\t\t\t\t\t<span class=\"elementor-toggle-icon-opened\"><i class=\"elementor-toggle-icon-opened fas fa-caret-up\"><\/i><\/span>\n\t\t\t\t\t\t\t\t\t\t\t\t\t<\/span>\n\t\t\t\t\t\t\t\t\t\t\t\t<a class=\"elementor-toggle-title\" tabindex=\"0\">QUAL PREBI\u00d3TICO EST\u00c1 CONTIDO NA LINHA ELXR?<\/a>\n\t\t\t\t\t<\/div>\n\n\t\t\t\t\t<div id=\"elementor-tab-content-16715\" class=\"elementor-tab-content elementor-clearfix\" data-tab=\"15\" role=\"region\" aria-labelledby=\"elementor-tab-title-16715\"><p><strong>BIOECOLIA <\/strong><strong>\/<\/strong> \u03b1-glucan oligosaccharide, \u00e9 um ingrediente ativo que protege e estimula a primeira barreira de defesa da pele por prevenir a coloniza\u00e7\u00e3o da mesma por bact\u00e9rias indesej\u00e1veis, patog\u00eanicas ou oportunistas.<\/p><p>Preserva o fr\u00e1gil ecossistema da pele do rosto constantemente exposta aos fatores ambientais (polui\u00e7\u00e3o, UV, pat\u00f3genos).<\/p><p>Fortalece as barreiras da pele \u2013 um sistema de defesa que diminui com o processo de envelhecimento.<\/p><p>Otimiza a reemplanta\u00e7\u00e3o da flora sapr\u00f3fita depois da remo\u00e7\u00e3o da maquiagem ou depois de uma rotina de limpeza.<\/p><p>SkinFood, age em sinergia aos probi\u00f3ticos ELXR.<\/p><\/div>\n\t\t\t\t<\/div>\n\t\t\t\t\t\t\t<div class=\"elementor-toggle-item\">\n\t\t\t\t\t<div id=\"elementor-tab-title-16716\" class=\"elementor-tab-title\" data-tab=\"16\" role=\"button\" aria-controls=\"elementor-tab-content-16716\" aria-expanded=\"false\">\n\t\t\t\t\t\t\t\t\t\t\t\t<span class=\"elementor-toggle-icon elementor-toggle-icon-left\" aria-hidden=\"true\">\n\t\t\t\t\t\t\t\t\t\t\t\t\t\t\t<span class=\"elementor-toggle-icon-closed\"><i class=\"fas fa-caret-right\"><\/i><\/span>\n\t\t\t\t\t\t\t\t<span class=\"elementor-toggle-icon-opened\"><i class=\"elementor-toggle-icon-opened fas fa-caret-up\"><\/i><\/span>\n\t\t\t\t\t\t\t\t\t\t\t\t\t<\/span>\n\t\t\t\t\t\t\t\t\t\t\t\t<a class=\"elementor-toggle-title\" tabindex=\"0\">QUAL PROBI\u00d3TICO TEMOS NA NA LINHA ELXR?<\/a>\n\t\t\t\t\t<\/div>\n\n\t\t\t\t\t<div id=\"elementor-tab-content-16716\" class=\"elementor-tab-content elementor-clearfix\" data-tab=\"16\" role=\"region\" aria-labelledby=\"elementor-tab-title-16716\"><p>Yogurtene vegetal de origem Biotecnol\u00f3gica \/ <a href=\"https:\/\/elxrskincare.com.br\/loja\/ativos\/\">S. THERMOPHILUS SOYBEAN EXTRACT FERMENT, HYDROLYSED SOY PROTEIN<\/a><\/p><p>Sensorial excepcional para as formula\u00e7\u00f5es, com uma espuma cremosa agrad\u00e1vel<\/p><p>Protege a rede de col\u00e1geno na pele , mantendo firme e sem rugas.<\/p><p>Em sinergia com Bioecolia, alimenta , equilibra e fortalece a barreira cut\u00e2nea.<\/p><\/div>\n\t\t\t\t<\/div>\n\t\t\t\t\t\t\t<div class=\"elementor-toggle-item\">\n\t\t\t\t\t<div id=\"elementor-tab-title-16717\" class=\"elementor-tab-title\" data-tab=\"17\" role=\"button\" aria-controls=\"elementor-tab-content-16717\" aria-expanded=\"false\">\n\t\t\t\t\t\t\t\t\t\t\t\t<span class=\"elementor-toggle-icon elementor-toggle-icon-left\" aria-hidden=\"true\">\n\t\t\t\t\t\t\t\t\t\t\t\t\t\t\t<span class=\"elementor-toggle-icon-closed\"><i class=\"fas fa-caret-right\"><\/i><\/span>\n\t\t\t\t\t\t\t\t<span class=\"elementor-toggle-icon-opened\"><i class=\"elementor-toggle-icon-opened fas fa-caret-up\"><\/i><\/span>\n\t\t\t\t\t\t\t\t\t\t\t\t\t<\/span>\n\t\t\t\t\t\t\t\t\t\t\t\t<a class=\"elementor-toggle-title\" tabindex=\"0\">O QUE \u00c9 O ESQUALANO VEGETAL?<\/a>\n\t\t\t\t\t<\/div>\n\n\t\t\t\t\t<div id=\"elementor-tab-content-16717\" class=\"elementor-tab-content elementor-clearfix\" data-tab=\"17\" role=\"region\" aria-labelledby=\"elementor-tab-title-16717\"><p>Presente em toda a Trilogia, \u00e9 o melhor hidratante biocompat\u00edvel que sua pele pode ter.<\/p><p>Obtido a partir da bio-fermenta\u00e7\u00e3o da cana-de-a\u00e7\u00facar brasileira, uma alternativa limpa, sustent\u00e1vel e \u00e9tica. Ret\u00e9m a umidade essencial da pele.<\/p><p>Hidrata instantaneamente.<\/p><p>Para todos os tipos de pele, g\u00eaneros e idades.<\/p><\/div>\n\t\t\t\t<\/div>\n\t\t\t\t\t\t\t<div class=\"elementor-toggle-item\">\n\t\t\t\t\t<div id=\"elementor-tab-title-16718\" class=\"elementor-tab-title\" data-tab=\"18\" role=\"button\" aria-controls=\"elementor-tab-content-16718\" aria-expanded=\"false\">\n\t\t\t\t\t\t\t\t\t\t\t\t<span class=\"elementor-toggle-icon elementor-toggle-icon-left\" aria-hidden=\"true\">\n\t\t\t\t\t\t\t\t\t\t\t\t\t\t\t<span class=\"elementor-toggle-icon-closed\"><i class=\"fas fa-caret-right\"><\/i><\/span>\n\t\t\t\t\t\t\t\t<span class=\"elementor-toggle-icon-opened\"><i class=\"elementor-toggle-icon-opened fas fa-caret-up\"><\/i><\/span>\n\t\t\t\t\t\t\t\t\t\t\t\t\t<\/span>\n\t\t\t\t\t\t\t\t\t\t\t\t<a class=\"elementor-toggle-title\" tabindex=\"0\">O QUE \u00c9 A DELTA-VINIFERINA? ESSE ATIVO CONT\u00c9M RESVERATROL?<\/a>\n\t\t\t\t\t<\/div>\n\n\t\t\t\t\t<div id=\"elementor-tab-content-16718\" class=\"elementor-tab-content elementor-clearfix\" data-tab=\"18\" role=\"region\" aria-labelledby=\"elementor-tab-title-16718\"><p>A Delta-Viniferina \u00e9 um princ\u00edpio ativo do Viniderm, \u00e9 um poderoso antioxidante encontrado naturalmente na videira. \u00c9 obtida em maior concentra\u00e7\u00e3o, atrav\u00e9s da bioconvers\u00e3o do resveratrol*, que \u00e9 encontrado nas raras uvas de Languedoc Roussillon. A delta-viniferina associada aos demais polifen\u00f3is da uva, preserva a juventude da pele protegendo nichos de c\u00e9lulas-tronco e DNA mitocondrial; por outro lado, reduz os sinais de envelhecimento ao redensificar a matriz extracelular.<\/p><p>Como resultado, temos a a\u00e7\u00e3o protetora, pro-aging e redutora de linhas e rugas.<\/p><p>Promove efeito tensor (lifting) , aumenta a elasticidade e firmeza da pele.<\/p><p>*a\u00e7\u00e3o por hormesis \/ ozonio<\/p><\/div>\n\t\t\t\t<\/div>\n\t\t\t\t\t\t\t<div class=\"elementor-toggle-item\">\n\t\t\t\t\t<div id=\"elementor-tab-title-16719\" class=\"elementor-tab-title\" data-tab=\"19\" role=\"button\" aria-controls=\"elementor-tab-content-16719\" aria-expanded=\"false\">\n\t\t\t\t\t\t\t\t\t\t\t\t<span class=\"elementor-toggle-icon elementor-toggle-icon-left\" aria-hidden=\"true\">\n\t\t\t\t\t\t\t\t\t\t\t\t\t\t\t<span class=\"elementor-toggle-icon-closed\"><i class=\"fas fa-caret-right\"><\/i><\/span>\n\t\t\t\t\t\t\t\t<span class=\"elementor-toggle-icon-opened\"><i class=\"elementor-toggle-icon-opened fas fa-caret-up\"><\/i><\/span>\n\t\t\t\t\t\t\t\t\t\t\t\t\t<\/span>\n\t\t\t\t\t\t\t\t\t\t\t\t<a class=\"elementor-toggle-title\" tabindex=\"0\">QUAL A FUNCAO DO \u00c1CIDO HIALUR\u00d4NICO?<\/a>\n\t\t\t\t\t<\/div>\n\n\t\t\t\t\t<div id=\"elementor-tab-content-16719\" class=\"elementor-tab-content elementor-clearfix\" data-tab=\"19\" role=\"region\" aria-labelledby=\"elementor-tab-title-16719\"><p>O \u00c1cido Hialur\u00f4nico de alta densidade ,de origem biotecnol\u00f3gica (s\u00edntese \u00e9 realizada por Streptococcus) \u00e9 indicado principalmente para melhorar o vi\u00e7o da pele, suavizando rugas e outras marcas de express\u00e3o adquiridas no decorrer da idade. Ele tem fun\u00e7\u00e3o fundamental no controle do n\u00edvel de hidrata\u00e7\u00e3o na derme e do t\u00f4nus dos tecidos da pele, colabora na manuten\u00e7\u00e3o do col\u00e1geno, forma um filme protetor protegendo os tecidos subcut\u00e2neos pela limita\u00e7\u00e3o da difus\u00e3o de certas subst\u00e2ncias (toxinas, bact\u00e9rias) e age tamb\u00e9m como lubrificante proporcionando uma apar\u00eancia sedosa e suave no relevo cut\u00e2neo.<\/p><\/div>\n\t\t\t\t<\/div>\n\t\t\t\t\t\t\t<div class=\"elementor-toggle-item\">\n\t\t\t\t\t<div id=\"elementor-tab-title-16720\" class=\"elementor-tab-title\" data-tab=\"20\" role=\"button\" aria-controls=\"elementor-tab-content-16720\" aria-expanded=\"false\">\n\t\t\t\t\t\t\t\t\t\t\t\t<span class=\"elementor-toggle-icon elementor-toggle-icon-left\" aria-hidden=\"true\">\n\t\t\t\t\t\t\t\t\t\t\t\t\t\t\t<span class=\"elementor-toggle-icon-closed\"><i class=\"fas fa-caret-right\"><\/i><\/span>\n\t\t\t\t\t\t\t\t<span class=\"elementor-toggle-icon-opened\"><i class=\"elementor-toggle-icon-opened fas fa-caret-up\"><\/i><\/span>\n\t\t\t\t\t\t\t\t\t\t\t\t\t<\/span>\n\t\t\t\t\t\t\t\t\t\t\t\t<a class=\"elementor-toggle-title\" tabindex=\"0\">OUTROS ATIVOS: <\/a>\n\t\t\t\t\t<\/div>\n\n\t\t\t\t\t<div id=\"elementor-tab-content-16720\" class=\"elementor-tab-content elementor-clearfix\" data-tab=\"20\" role=\"region\" aria-labelledby=\"elementor-tab-title-16720\"><p><strong>Nelupure\/ L\u00f3tus Egipcio + L\u00f3tus sagrado:<\/strong> Ativo inovador desenvolvido para o mercado asi\u00e1tico , desativa a leptina na pele e fatores inflamat\u00f3rios. Atua como um filtro natural para poros perfeitos e brilho controlado.<\/p><p>Reduz a atividade de fatores-chave na superprodu\u00e7\u00e3o de oleosidade.<\/p><p>Com apenas uma aplica\u00e7\u00e3o \u00e9 suficiente para ver os resultados por 8horas.<\/p><p>Controla fatores inflamatorios (inflammaging)<\/p><p><strong>PANTENOL:<\/strong> Com propriedades hidratantes, <a href=\"https:\/\/pt.wikipedia.org\/wiki\/Queratina\">queratol\u00edticas<\/a>, suavizadoras, protetoras contra agentes irritantes e curativas.<\/p><p><strong>ALOE VERA:<\/strong>: Hidratante, Bioestimulante e Anti-envelhecimento.<\/p><p>ATIVIDADE HIDRATANTE: Uma das raz\u00f5es para o Aloe vera ser t\u00e3o popular \u00e9 o fato de que ele possui um incr\u00edvel poder hidratante. Estudos demonstram que o Aloe vera melhora a capacidade da pele de se hidratar, ajuda na remo\u00e7\u00e3o das c\u00e9lulas mortas e tem um efetivo poder de penetra\u00e7\u00e3o que ajuda a transportar outras subst\u00e2ncias atrav\u00e9s da pele.<\/p><p>ATIVIDADE BIOESTIMULANTE: Quando a pele sofre algum tipo de inj\u00faria, c\u00e9lulas de defesa migram at\u00e9 este local e produzem col\u00e1geno e proteoglicanas a fim de reparar e remodelar o tecido lesado. Assim, o ALOE VERA estimula a produ\u00e7\u00e3o de col\u00e1geno, que ser\u00e1 incorporado ao tecido lesado.<\/p><p>ATIVIDADE ANTI-ENVELHECIMENTO: O envelhecimento da pele \u00e9 caracterizado pelo afinamento da epiderme e forma\u00e7\u00e3o de rugas, combinados ao surgimento de linhas, rugas, manchas e sulcos na face. Os componentes do aloe vera tem sido utilizados para reverter esse quadro degenerativo atrav\u00e9s da estimula\u00e7\u00e3o da s\u00edntese de col\u00e1geno e elastina.<\/p><p><strong>AJIDEW ZN:<\/strong> \u00c9 um ativo funcional biotecnol\u00f3gico de origem natural. Reduz o excesso de oleosidade e hidrata ao mesmo tempo devido a combina\u00e7\u00e3o entre o Zinco e o PCA (um dos fatores mais importantes de hidrata\u00e7\u00e3o natural da pele). Promove sensa\u00e7\u00e3o de limpeza e refresc\u00e2ncia ap\u00f3s o uso.<\/p><p>A\u00e7\u00e3o anti-aging: evita a degrada\u00e7\u00e3o do col\u00e1geno, inibindo a forma\u00e7\u00e3o de rugas.<\/p><p><strong>ROSA MOSQUETA:<\/strong> \u00d3leo obtido a partir das sementes da planta silvestre rosa mosqueta que \u00e9 rico em \u00e1cidos graxos, como o \u00e1cido linoleico, al\u00e9m de vitamina A e alguns compostos cet\u00f4nicos que possuem efeito regenerador e emoliente sobre a pele, ajudando a atenuar\u00a0estrias, queloides, cicatrizes e rugas e linhas de express\u00e3o.<\/p><p>Refor\u00e7a a s\u00edntese de col\u00e1geno e elastina, fortalece e d\u00e1 firmeza \u00e0 pele, nutrindo profundamente. Hidrata e suaviza a pele.<\/p><p><strong>\u00d3LEO DE JOJOBA:<\/strong> Composto por Vitaminas A, B1, B2 e E, \u00c1cido Mir\u00edstico, sua composi\u00e7\u00e3o \u00e9 quase que exclusivamente ceramidas, ( 96% do <strong>\u00f3leo)<\/strong>.<\/p><p>Evita a perda de \u00e1gua na pele, rep\u00f5e a umidade e reduz a apar\u00eancia das rugas retardando o envelhecimento e proporcionando elasticidade e firmeza \u00e0 pele.<\/p><p>O <strong>\u00f3leo<\/strong> \u00e9 lubrificante, umectante e emoliente d\u00e1 elasticidade e firmeza \u00e0 pele.<\/p><p><a href=\"https:\/\/elxrskincare.com.br\/loja\/jornada-sensorial-elxr\/\"><strong>JORNADA SENSORIAL FOREST BATHING \/ \u00d3LEOS ESSENCIAIS DE ELXR\u00a0<\/strong><\/a><\/p><p><strong>\u00a0<\/strong><strong>\u00d3leo Essencial de Litsea Cubeba:<\/strong> \u00d3leo essencial com propriedades antibacterianas e antivirais. Indicado no controle da acne e pele oleosa, tamb\u00e9m \u00e9 um excelente tonificante.<\/p><p><strong>\u00d3leo Essencial de Lemongrass:<\/strong> \u00d3leo essencial conhecido tamb\u00e9m como capim-lim\u00e3o \u00e9 muito utilizado para estimular a circula\u00e7\u00e3o e como adstringente. Diminui a oleosidade da pele .<\/p><p><strong>\u00d3leo Essencial de Alecrim<\/strong>: \u00d3leo essencial com efeitos ben\u00e9ficos \u00e0 pele, fazendo com que ele possa ser utilizado como estimulante da circula\u00e7\u00e3o perif\u00e9rica ou em tratamento para pele oleosa ou acneica. Tamb\u00e9m limpa, relaxa e refresca a pele. Pode ajudar no combate \u00e0 acne, queda de cabelo e auxilia o crescimento capilar.<\/p><p><strong>\u00d3leo de G\u00e1lbano:<\/strong> Efeito cicatrizante e regenerador para a pele em casos de acne e les\u00f5es.<\/p><p>Atua em fatores de crescimento na matriz celular.<\/p><p>A\u00e7\u00e3o t\u00f4nica e antioxidante que trata e previne flacidez, rugas e sinais de envelhecimento. \u00c9 um bom \u00f3leo essencial com importante a\u00e7\u00e3o anti-idade.<\/p><\/div>\n\t\t\t\t<\/div>\n\t\t\t\t\t\t\t<div class=\"elementor-toggle-item\">\n\t\t\t\t\t<div id=\"elementor-tab-title-16721\" class=\"elementor-tab-title\" data-tab=\"21\" role=\"button\" aria-controls=\"elementor-tab-content-16721\" aria-expanded=\"false\">\n\t\t\t\t\t\t\t\t\t\t\t\t<span class=\"elementor-toggle-icon elementor-toggle-icon-left\" aria-hidden=\"true\">\n\t\t\t\t\t\t\t\t\t\t\t\t\t\t\t<span class=\"elementor-toggle-icon-closed\"><i class=\"fas fa-caret-right\"><\/i><\/span>\n\t\t\t\t\t\t\t\t<span class=\"elementor-toggle-icon-opened\"><i class=\"elementor-toggle-icon-opened fas fa-caret-up\"><\/i><\/span>\n\t\t\t\t\t\t\t\t\t\t\t\t\t<\/span>\n\t\t\t\t\t\t\t\t\t\t\t\t<a class=\"elementor-toggle-title\" tabindex=\"0\">ELXR SKINCARE CONT\u00c9M CONSERVANTES NA F\u00d3RMULA?<\/a>\n\t\t\t\t\t<\/div>\n\n\t\t\t\t\t<div id=\"elementor-tab-content-16721\" class=\"elementor-tab-content elementor-clearfix\" data-tab=\"21\" role=\"region\" aria-labelledby=\"elementor-tab-title-16721\"><p>Sim, para prote\u00e7\u00e3o dos ativos e da f\u00f3rmula em si.<\/p><p>N\u00e3o \u00e9 um produto artesanal, foi desenvolvido para entregar performance e resultados.<\/p><p>O \u00e1lcool benz\u00edlico \u00e9 um conservante muito bom, moderno e muito utilizado em linhas org\u00e2nicas, naturais e veganas. Combinado com o \u00e1cido dehidroac\u00e9tico potencializa a a\u00e7\u00e3o conservante.<\/p><p>O \u00e1lcool benz\u00edlico \u00e9 muito diferente de \u00e1lcool et\u00edlico, que desidrata a pele.<\/p><\/div>\n\t\t\t\t<\/div>\n\t\t\t\t\t\t\t<div class=\"elementor-toggle-item\">\n\t\t\t\t\t<div id=\"elementor-tab-title-16722\" class=\"elementor-tab-title\" data-tab=\"22\" role=\"button\" aria-controls=\"elementor-tab-content-16722\" aria-expanded=\"false\">\n\t\t\t\t\t\t\t\t\t\t\t\t<span class=\"elementor-toggle-icon elementor-toggle-icon-left\" aria-hidden=\"true\">\n\t\t\t\t\t\t\t\t\t\t\t\t\t\t\t<span class=\"elementor-toggle-icon-closed\"><i class=\"fas fa-caret-right\"><\/i><\/span>\n\t\t\t\t\t\t\t\t<span class=\"elementor-toggle-icon-opened\"><i class=\"elementor-toggle-icon-opened fas fa-caret-up\"><\/i><\/span>\n\t\t\t\t\t\t\t\t\t\t\t\t\t<\/span>\n\t\t\t\t\t\t\t\t\t\t\t\t<a class=\"elementor-toggle-title\" tabindex=\"0\">CONT\u00c9M ATIVOS T\u00d3XICOS?<\/a>\n\t\t\t\t\t<\/div>\n\n\t\t\t\t\t<div id=\"elementor-tab-content-16722\" class=\"elementor-tab-content elementor-clearfix\" data-tab=\"22\" role=\"region\" aria-labelledby=\"elementor-tab-title-16722\"><p>N\u00e3o. Ativos naturais, clean beauty, nenhum ativo que possa comprometer a barreira cut\u00e2nea.<\/p><p>SEM SULFATOS<\/p><p>SEM PARABENOS\u00a0<\/p><p>SEM PETROLATOS<\/p><p>SEM FRAGR\u00c2NCIAS ARTIFICIAIS\u00a0<\/p><p>SEM LIBERADORES DE FORMOL<\/p><p>SEM BHT, BHA, EDTA\u00a0<\/p><p>SEM CORANTES\u00a0SINT\u00c9TICOS\u00a0<\/p><p>SEM TESTES EM ANIMAIS<\/p><\/div>\n\t\t\t\t<\/div>\n\t\t\t\t\t\t\t<div class=\"elementor-toggle-item\">\n\t\t\t\t\t<div id=\"elementor-tab-title-16723\" class=\"elementor-tab-title\" data-tab=\"23\" role=\"button\" aria-controls=\"elementor-tab-content-16723\" aria-expanded=\"false\">\n\t\t\t\t\t\t\t\t\t\t\t\t<span class=\"elementor-toggle-icon elementor-toggle-icon-left\" aria-hidden=\"true\">\n\t\t\t\t\t\t\t\t\t\t\t\t\t\t\t<span class=\"elementor-toggle-icon-closed\"><i class=\"fas fa-caret-right\"><\/i><\/span>\n\t\t\t\t\t\t\t\t<span class=\"elementor-toggle-icon-opened\"><i class=\"elementor-toggle-icon-opened fas fa-caret-up\"><\/i><\/span>\n\t\t\t\t\t\t\t\t\t\t\t\t\t<\/span>\n\t\t\t\t\t\t\t\t\t\t\t\t<a class=\"elementor-toggle-title\" tabindex=\"0\">ELXR SKINCARE CONT\u00c9M FILLLERS?<\/a>\n\t\t\t\t\t<\/div>\n\n\t\t\t\t\t<div id=\"elementor-tab-content-16723\" class=\"elementor-tab-content elementor-clearfix\" data-tab=\"23\" role=\"region\" aria-labelledby=\"elementor-tab-title-16723\"><p>N\u00e3o, todos os ativos s\u00e3o importantes na f\u00f3rmula.<\/p><\/div>\n\t\t\t\t<\/div>\n\t\t\t\t\t\t\t<div class=\"elementor-toggle-item\">\n\t\t\t\t\t<div id=\"elementor-tab-title-16724\" class=\"elementor-tab-title\" data-tab=\"24\" role=\"button\" aria-controls=\"elementor-tab-content-16724\" aria-expanded=\"false\">\n\t\t\t\t\t\t\t\t\t\t\t\t<span class=\"elementor-toggle-icon elementor-toggle-icon-left\" aria-hidden=\"true\">\n\t\t\t\t\t\t\t\t\t\t\t\t\t\t\t<span class=\"elementor-toggle-icon-closed\"><i class=\"fas fa-caret-right\"><\/i><\/span>\n\t\t\t\t\t\t\t\t<span class=\"elementor-toggle-icon-opened\"><i class=\"elementor-toggle-icon-opened fas fa-caret-up\"><\/i><\/span>\n\t\t\t\t\t\t\t\t\t\t\t\t\t<\/span>\n\t\t\t\t\t\t\t\t\t\t\t\t<a class=\"elementor-toggle-title\" tabindex=\"0\">TODOS OS PRODUTOS TRATAM A PELE?<\/a>\n\t\t\t\t\t<\/div>\n\n\t\t\t\t\t<div id=\"elementor-tab-content-16724\" class=\"elementor-tab-content elementor-clearfix\" data-tab=\"24\" role=\"region\" aria-labelledby=\"elementor-tab-title-16724\"><p>Sim, a trilogia trata a pele \u00e9 um dermocosm\u00e9tico com ativos biocompativeis e n\u00e3o t\u00f3xicos.<\/p><\/div>\n\t\t\t\t<\/div>\n\t\t\t\t\t\t\t<div class=\"elementor-toggle-item\">\n\t\t\t\t\t<div id=\"elementor-tab-title-16725\" class=\"elementor-tab-title\" data-tab=\"25\" role=\"button\" aria-controls=\"elementor-tab-content-16725\" aria-expanded=\"false\">\n\t\t\t\t\t\t\t\t\t\t\t\t<span class=\"elementor-toggle-icon elementor-toggle-icon-left\" aria-hidden=\"true\">\n\t\t\t\t\t\t\t\t\t\t\t\t\t\t\t<span class=\"elementor-toggle-icon-closed\"><i class=\"fas fa-caret-right\"><\/i><\/span>\n\t\t\t\t\t\t\t\t<span class=\"elementor-toggle-icon-opened\"><i class=\"elementor-toggle-icon-opened fas fa-caret-up\"><\/i><\/span>\n\t\t\t\t\t\t\t\t\t\t\t\t\t<\/span>\n\t\t\t\t\t\t\t\t\t\t\t\t<a class=\"elementor-toggle-title\" tabindex=\"0\">OS PRODUTOS T\u00caM EFEITO EM QUALQUER TIPO DE PELE?<\/a>\n\t\t\t\t\t<\/div>\n\n\t\t\t\t\t<div id=\"elementor-tab-content-16725\" class=\"elementor-tab-content elementor-clearfix\" data-tab=\"25\" role=\"region\" aria-labelledby=\"elementor-tab-title-16725\"><p>Sim, o uso de pre + probi\u00f3ticos fortalecem a barreira e as defesas contra os agressores, ativando assim o sistema de defesa natural da pele.<\/p><p>Produtos que atuam a favor de sua pele.<\/p><\/div>\n\t\t\t\t<\/div>\n\t\t\t\t\t\t\t<div class=\"elementor-toggle-item\">\n\t\t\t\t\t<div id=\"elementor-tab-title-16726\" class=\"elementor-tab-title\" data-tab=\"26\" role=\"button\" aria-controls=\"elementor-tab-content-16726\" aria-expanded=\"false\">\n\t\t\t\t\t\t\t\t\t\t\t\t<span class=\"elementor-toggle-icon elementor-toggle-icon-left\" aria-hidden=\"true\">\n\t\t\t\t\t\t\t\t\t\t\t\t\t\t\t<span class=\"elementor-toggle-icon-closed\"><i class=\"fas fa-caret-right\"><\/i><\/span>\n\t\t\t\t\t\t\t\t<span class=\"elementor-toggle-icon-opened\"><i class=\"elementor-toggle-icon-opened fas fa-caret-up\"><\/i><\/span>\n\t\t\t\t\t\t\t\t\t\t\t\t\t<\/span>\n\t\t\t\t\t\t\t\t\t\t\t\t<a class=\"elementor-toggle-title\" tabindex=\"0\">ELXR PROTEGE CONTRA DANOS AMBIENTAIS E ENVELHECIMENTO CUT\u00c2NEO? <\/a>\n\t\t\t\t\t<\/div>\n\n\t\t\t\t\t<div id=\"elementor-tab-content-16726\" class=\"elementor-tab-content elementor-clearfix\" data-tab=\"26\" role=\"region\" aria-labelledby=\"elementor-tab-title-16726\"><p>Sim. Pre + Probi\u00f3ticos s\u00e3o seu escudo protetor contra danos di\u00e1rios (polui\u00e7\u00e3o, estresse, luz azul, radicais livres) e minimizam os efeitos do tempo na pele.<\/p><\/div>\n\t\t\t\t<\/div>\n\t\t\t\t\t\t\t<div class=\"elementor-toggle-item\">\n\t\t\t\t\t<div id=\"elementor-tab-title-16727\" class=\"elementor-tab-title\" data-tab=\"27\" role=\"button\" aria-controls=\"elementor-tab-content-16727\" aria-expanded=\"false\">\n\t\t\t\t\t\t\t\t\t\t\t\t<span class=\"elementor-toggle-icon elementor-toggle-icon-left\" aria-hidden=\"true\">\n\t\t\t\t\t\t\t\t\t\t\t\t\t\t\t<span class=\"elementor-toggle-icon-closed\"><i class=\"fas fa-caret-right\"><\/i><\/span>\n\t\t\t\t\t\t\t\t<span class=\"elementor-toggle-icon-opened\"><i class=\"elementor-toggle-icon-opened fas fa-caret-up\"><\/i><\/span>\n\t\t\t\t\t\t\t\t\t\t\t\t\t<\/span>\n\t\t\t\t\t\t\t\t\t\t\t\t<a class=\"elementor-toggle-title\" tabindex=\"0\">OS PRODUTOS S\u00c3O TESTADOS EM ANIMAIS?<\/a>\n\t\t\t\t\t<\/div>\n\n\t\t\t\t\t<div id=\"elementor-tab-content-16727\" class=\"elementor-tab-content elementor-clearfix\" data-tab=\"27\" role=\"region\" aria-labelledby=\"elementor-tab-title-16727\"><p>N\u00e3o, somos contra teste em animais.<\/p><\/div>\n\t\t\t\t<\/div>\n\t\t\t\t\t\t\t<div class=\"elementor-toggle-item\">\n\t\t\t\t\t<div id=\"elementor-tab-title-16728\" class=\"elementor-tab-title\" data-tab=\"28\" role=\"button\" aria-controls=\"elementor-tab-content-16728\" aria-expanded=\"false\">\n\t\t\t\t\t\t\t\t\t\t\t\t<span class=\"elementor-toggle-icon elementor-toggle-icon-left\" aria-hidden=\"true\">\n\t\t\t\t\t\t\t\t\t\t\t\t\t\t\t<span class=\"elementor-toggle-icon-closed\"><i class=\"fas fa-caret-right\"><\/i><\/span>\n\t\t\t\t\t\t\t\t<span class=\"elementor-toggle-icon-opened\"><i class=\"elementor-toggle-icon-opened fas fa-caret-up\"><\/i><\/span>\n\t\t\t\t\t\t\t\t\t\t\t\t\t<\/span>\n\t\t\t\t\t\t\t\t\t\t\t\t<a class=\"elementor-toggle-title\" tabindex=\"0\">TODOS OS PRODUTOS TRATAM A PELE?<\/a>\n\t\t\t\t\t<\/div>\n\n\t\t\t\t\t<div id=\"elementor-tab-content-16728\" class=\"elementor-tab-content elementor-clearfix\" data-tab=\"28\" role=\"region\" aria-labelledby=\"elementor-tab-title-16728\"><p>ELXR Skincare cont\u00e9m ativos que promovem a reestrutura\u00e7\u00e3o celular e fatores de crescimento na pele, hidratando profundamente de forma biocompat\u00edvel e n\u00e3o t\u00f3xicos.<\/p><p>A sinergia na formula\u00e7\u00e3o promove aumento de col\u00e1geno, preenchimento suave de linhas de express\u00e3o, lifting e renova\u00e7\u00e3o celular.<\/p><p>Como resultado, espere glow saud\u00e1vel, vital, energizado.<\/p><p>A trilogia trata a pele \u00e9 um dermocosm\u00e9tico<\/p><p>Para o 3 Bio-Lift, efeito lifting imediato (18,04% de ativos \/26% sinergia entre lifting + firmeza+ elasticidade na primeira aplicacao) potencializado com uso prolongado.<\/p><p>Efic\u00e1cia comprovada, dermatologicamente testado.<\/p><\/div>\n\t\t\t\t<\/div>\n\t\t\t\t\t\t\t<div class=\"elementor-toggle-item\">\n\t\t\t\t\t<div id=\"elementor-tab-title-16729\" class=\"elementor-tab-title\" data-tab=\"29\" role=\"button\" aria-controls=\"elementor-tab-content-16729\" aria-expanded=\"false\">\n\t\t\t\t\t\t\t\t\t\t\t\t<span class=\"elementor-toggle-icon elementor-toggle-icon-left\" aria-hidden=\"true\">\n\t\t\t\t\t\t\t\t\t\t\t\t\t\t\t<span class=\"elementor-toggle-icon-closed\"><i class=\"fas fa-caret-right\"><\/i><\/span>\n\t\t\t\t\t\t\t\t<span class=\"elementor-toggle-icon-opened\"><i class=\"elementor-toggle-icon-opened fas fa-caret-up\"><\/i><\/span>\n\t\t\t\t\t\t\t\t\t\t\t\t\t<\/span>\n\t\t\t\t\t\t\t\t\t\t\t\t<a class=\"elementor-toggle-title\" tabindex=\"0\">A PARTIR DE QUAL IDADE PODE-SE USAR OS PRODUTOS?<\/a>\n\t\t\t\t\t<\/div>\n\n\t\t\t\t\t<div id=\"elementor-tab-content-16729\" class=\"elementor-tab-content elementor-clearfix\" data-tab=\"29\" role=\"region\" aria-labelledby=\"elementor-tab-title-16729\"><p>1 e 2 : Para uso a partir de 13 anos, ajudam tamb\u00e9m a combater a acne.<\/p><p>3 : a partir de 25\/30 anos com o inicio da perda do col\u00e1geno .<\/p><\/div>\n\t\t\t\t<\/div>\n\t\t\t\t\t\t\t<div class=\"elementor-toggle-item\">\n\t\t\t\t\t<div id=\"elementor-tab-title-16730\" class=\"elementor-tab-title\" data-tab=\"30\" role=\"button\" aria-controls=\"elementor-tab-content-16730\" aria-expanded=\"false\">\n\t\t\t\t\t\t\t\t\t\t\t\t<span class=\"elementor-toggle-icon elementor-toggle-icon-left\" aria-hidden=\"true\">\n\t\t\t\t\t\t\t\t\t\t\t\t\t\t\t<span class=\"elementor-toggle-icon-closed\"><i class=\"fas fa-caret-right\"><\/i><\/span>\n\t\t\t\t\t\t\t\t<span class=\"elementor-toggle-icon-opened\"><i class=\"elementor-toggle-icon-opened fas fa-caret-up\"><\/i><\/span>\n\t\t\t\t\t\t\t\t\t\t\t\t\t<\/span>\n\t\t\t\t\t\t\t\t\t\t\t\t<a class=\"elementor-toggle-title\" tabindex=\"0\">OS PRODUTOS ELXR T\u00caM CONTRA INDICA\u00c7\u00d5ES?<\/a>\n\t\t\t\t\t<\/div>\n\n\t\t\t\t\t<div id=\"elementor-tab-content-16730\" class=\"elementor-tab-content elementor-clearfix\" data-tab=\"30\" role=\"region\" aria-labelledby=\"elementor-tab-title-16730\"><p>N\u00e3o, nossos produtos s\u00e3o dermatologicamente testados e tem efic\u00e1cia comprovada, desenvolvidos em f\u00e1brica dermocosm\u00e9tica.<\/p><\/div>\n\t\t\t\t<\/div>\n\t\t\t\t\t\t\t<div class=\"elementor-toggle-item\">\n\t\t\t\t\t<div id=\"elementor-tab-title-16731\" class=\"elementor-tab-title\" data-tab=\"31\" role=\"button\" aria-controls=\"elementor-tab-content-16731\" aria-expanded=\"false\">\n\t\t\t\t\t\t\t\t\t\t\t\t<span class=\"elementor-toggle-icon elementor-toggle-icon-left\" aria-hidden=\"true\">\n\t\t\t\t\t\t\t\t\t\t\t\t\t\t\t<span class=\"elementor-toggle-icon-closed\"><i class=\"fas fa-caret-right\"><\/i><\/span>\n\t\t\t\t\t\t\t\t<span class=\"elementor-toggle-icon-opened\"><i class=\"elementor-toggle-icon-opened fas fa-caret-up\"><\/i><\/span>\n\t\t\t\t\t\t\t\t\t\t\t\t\t<\/span>\n\t\t\t\t\t\t\t\t\t\t\t\t<a class=\"elementor-toggle-title\" tabindex=\"0\">QUAL O PH DOS PRODUTOS ELXR?<\/a>\n\t\t\t\t\t<\/div>\n\n\t\t\t\t\t<div id=\"elementor-tab-content-16731\" class=\"elementor-tab-content elementor-clearfix\" data-tab=\"31\" role=\"region\" aria-labelledby=\"elementor-tab-title-16731\"><p>Os produtos da Trilogia possuem pH fisiol\u00f3gico. Para a pele, a melhor op\u00e7\u00e3o continua sendo o pH fisiol\u00f3gico, que \u00e9 levemente mais \u00e1cido. Dependendo da regi\u00e3o do corpo (ou da nossa idade), o pH varia. Mas, no geral, o pH da nossa pele \u2013 na idade adulta \u2013 n\u00e3o \u00e9 o neutro exatamente. O pH ideal \u2013 ou, o chamado pH fisiol\u00f3gico \u2013 para n\u00f3s seria entre 4,5 e 6,0. Tamb\u00e9m deve ser levado em conta o pH dos ativos, que \u00e9 a faixa onde os ativos trabalham melhor.<\/p><p>Na Trilogia, os ativos trabalham tamb\u00e9m no pH fisiol\u00f3gico e na concentra\u00e7\u00e3o ideal para a f\u00f3rmula global ter a m\u00e1xima performance.<\/p><\/div>\n\t\t\t\t<\/div>\n\t\t\t\t\t\t\t<div class=\"elementor-toggle-item\">\n\t\t\t\t\t<div id=\"elementor-tab-title-16732\" class=\"elementor-tab-title\" data-tab=\"32\" role=\"button\" aria-controls=\"elementor-tab-content-16732\" aria-expanded=\"false\">\n\t\t\t\t\t\t\t\t\t\t\t\t<span class=\"elementor-toggle-icon elementor-toggle-icon-left\" aria-hidden=\"true\">\n\t\t\t\t\t\t\t\t\t\t\t\t\t\t\t<span class=\"elementor-toggle-icon-closed\"><i class=\"fas fa-caret-right\"><\/i><\/span>\n\t\t\t\t\t\t\t\t<span class=\"elementor-toggle-icon-opened\"><i class=\"elementor-toggle-icon-opened fas fa-caret-up\"><\/i><\/span>\n\t\t\t\t\t\t\t\t\t\t\t\t\t<\/span>\n\t\t\t\t\t\t\t\t\t\t\t\t<a class=\"elementor-toggle-title\" tabindex=\"0\">OS PRODUTOS CONT\u00caM PROTE\u00cdNAS?<\/a>\n\t\t\t\t\t<\/div>\n\n\t\t\t\t\t<div id=\"elementor-tab-content-16732\" class=\"elementor-tab-content elementor-clearfix\" data-tab=\"32\" role=\"region\" aria-labelledby=\"elementor-tab-title-16732\"><p>Sim, o \u00c1cido Hialur\u00f4nico \u00e9 uma mol\u00e9cula de prote\u00edna e a\u00e7\u00facar que est\u00e1 presente no nosso corpo naturalmente. Ele age na pele como hidratante, mantendo-a macia, el\u00e1stica e com sustenta\u00e7\u00e3o, juntamente com o col\u00e1geno e a elastina.<\/p><p>\u00a0<\/p><p>A Aloe Vera \u00e9 riqu\u00edssima em polissacar\u00eddeos contendo glicose, galactose e xilose, tanino, esteroides, \u00e1cidos org\u00e2nicos, subst\u00e2ncias antibi\u00f3ticas, enzimas de v\u00e1rios tipos, res\u00edduos de a\u00e7\u00facar, uma prote\u00edna com 18 amino\u00e1cidos, vitaminas, minerais, sulfato, ferro, c\u00e1lcio, cobre, s\u00f3dio, pot\u00e1ssio, mangan\u00eas e outras.<\/p><\/div>\n\t\t\t\t<\/div>\n\t\t\t\t\t\t\t<div class=\"elementor-toggle-item\">\n\t\t\t\t\t<div id=\"elementor-tab-title-16733\" class=\"elementor-tab-title\" data-tab=\"33\" role=\"button\" aria-controls=\"elementor-tab-content-16733\" aria-expanded=\"false\">\n\t\t\t\t\t\t\t\t\t\t\t\t<span class=\"elementor-toggle-icon elementor-toggle-icon-left\" aria-hidden=\"true\">\n\t\t\t\t\t\t\t\t\t\t\t\t\t\t\t<span class=\"elementor-toggle-icon-closed\"><i class=\"fas fa-caret-right\"><\/i><\/span>\n\t\t\t\t\t\t\t\t<span class=\"elementor-toggle-icon-opened\"><i class=\"elementor-toggle-icon-opened fas fa-caret-up\"><\/i><\/span>\n\t\t\t\t\t\t\t\t\t\t\t\t\t<\/span>\n\t\t\t\t\t\t\t\t\t\t\t\t<a class=\"elementor-toggle-title\" tabindex=\"0\">POR QUE O N\u00daMERO 1 HYDRA CLEANSER TEM S\u00d3 6,88% DE ATIVOS? <\/a>\n\t\t\t\t\t<\/div>\n\n\t\t\t\t\t<div id=\"elementor-tab-content-16733\" class=\"elementor-tab-content elementor-clearfix\" data-tab=\"33\" role=\"region\" aria-labelledby=\"elementor-tab-title-16733\"><p>1 Hydra Cleanser \u00e9 um produto desenvolvido para deixar a pele radiante e com poros minimizados (efeito filtro natural= 8hs de dura\u00e7\u00e3o).<\/p><p>Desativa a leptina na pele, controlando a inflama\u00e7\u00e3o.<\/p><p>Limpa, renova e hidrata, enquanto nutre e fortalece o microbioma cut\u00e2neo.<\/p><p>A % de ativos \u00e9 a ideal para esta finalidade.<\/p><p>Utilizamos o conceito de minima dose com m\u00e1ximo de efic\u00e1cia para entrega de resultados.<\/p><\/div>\n\t\t\t\t<\/div>\n\t\t\t\t\t\t\t<div class=\"elementor-toggle-item\">\n\t\t\t\t\t<div id=\"elementor-tab-title-16734\" class=\"elementor-tab-title\" data-tab=\"34\" role=\"button\" aria-controls=\"elementor-tab-content-16734\" aria-expanded=\"false\">\n\t\t\t\t\t\t\t\t\t\t\t\t<span class=\"elementor-toggle-icon elementor-toggle-icon-left\" aria-hidden=\"true\">\n\t\t\t\t\t\t\t\t\t\t\t\t\t\t\t<span class=\"elementor-toggle-icon-closed\"><i class=\"fas fa-caret-right\"><\/i><\/span>\n\t\t\t\t\t\t\t\t<span class=\"elementor-toggle-icon-opened\"><i class=\"elementor-toggle-icon-opened fas fa-caret-up\"><\/i><\/span>\n\t\t\t\t\t\t\t\t\t\t\t\t\t<\/span>\n\t\t\t\t\t\t\t\t\t\t\t\t<a class=\"elementor-toggle-title\" tabindex=\"0\">POR QUE O N\u00daMERO 2 BEAUTY MIST TEM S\u00d3 7,06% DE ATIVOS? <\/a>\n\t\t\t\t\t<\/div>\n\n\t\t\t\t\t<div id=\"elementor-tab-content-16734\" class=\"elementor-tab-content elementor-clearfix\" data-tab=\"34\" role=\"region\" aria-labelledby=\"elementor-tab-title-16734\"><p>2 Beauty Mist \u00e9 uma bruma micronutritiva, desenvolvida para renovar e fortalecer o microbioma cut\u00e2neo com ativos biocompat\u00edveis, trazendo hidrata\u00e7\u00e3o e luminosidade naturalmente. Ajuda a recuperar e acalmar a pele.<\/p><p>A % de ativos \u00e9 a ideal para esta finalidade.<\/p><p>Utilizamos o conceito de minima dose com m\u00e1ximo de efic\u00e1cia para entrega de resultados.<\/p><\/div>\n\t\t\t\t<\/div>\n\t\t\t\t\t\t\t<div class=\"elementor-toggle-item\">\n\t\t\t\t\t<div id=\"elementor-tab-title-16735\" class=\"elementor-tab-title\" data-tab=\"35\" role=\"button\" aria-controls=\"elementor-tab-content-16735\" aria-expanded=\"false\">\n\t\t\t\t\t\t\t\t\t\t\t\t<span class=\"elementor-toggle-icon elementor-toggle-icon-left\" aria-hidden=\"true\">\n\t\t\t\t\t\t\t\t\t\t\t\t\t\t\t<span class=\"elementor-toggle-icon-closed\"><i class=\"fas fa-caret-right\"><\/i><\/span>\n\t\t\t\t\t\t\t\t<span class=\"elementor-toggle-icon-opened\"><i class=\"elementor-toggle-icon-opened fas fa-caret-up\"><\/i><\/span>\n\t\t\t\t\t\t\t\t\t\t\t\t\t<\/span>\n\t\t\t\t\t\t\t\t\t\t\t\t<a class=\"elementor-toggle-title\" tabindex=\"0\">POR QUE O N\u00daMERO 3 BIO-LIFT TEM 18,04% DE ATIVOS? <\/a>\n\t\t\t\t\t<\/div>\n\n\t\t\t\t\t<div id=\"elementor-tab-content-16735\" class=\"elementor-tab-content elementor-clearfix\" data-tab=\"35\" role=\"region\" aria-labelledby=\"elementor-tab-title-16735\"><p>3 Bio-Lift \u00e9 um lifting probi\u00f3tico , desenvolvido para fortalecer microbioma cut\u00e2neo e atuar na matriz celular com a sinergia de ativos (Esqualano vegetal, \u00c1cido Hialuronico e Delta-Viniferina \/ Viniderm).<\/p><p>A % de ativos \u00e9 a ideal para esta finalidade de lifting, firmeza e elasticidade aliada as propriedades de fortalecimento e radiancia.<\/p><\/div>\n\t\t\t\t<\/div>\n\t\t\t\t\t\t\t\t<\/div>\n\t\t\t\t<\/div>\n\t\t\t\t<\/div>\n\t\t\t\t\t<\/div>\n\t\t<\/div>\n\t\t\t\t\t<\/div>\n\t\t<\/section>\n\t\t\t\t<\/div>\n\t\t","protected":false},"excerpt":{"rendered":"<p>POR QUE USAR ELXR SKINCARE? Vegano de alta performance, a trilogia ELXR entrega resultados a partir da biotecnologia e de ativos naturais. Beleza limpa, com tecnologia e performance. Fortalece a barreira cut\u00e2nea e trabalha a favor da sua pele, para pele saud\u00e1vel, fortalecimento e glow natural. PORQUE USAR OS 3 PASSOS DA TRILOGIA? \u00c9 necess\u00e1rio [&hellip;]<\/p>\n","protected":false},"author":1,"featured_media":0,"parent":0,"menu_order":0,"comment_status":"closed","ping_status":"closed","template":"template-fullwidth.php","meta":{"_acf_changed":false,"_joinchat":[],"footnotes":""},"class_list":["post-342","page","type-page","status-publish","hentry"],"acf":[],"_links":{"self":[{"href":"https:\/\/elxrskincare.com.br\/loja\/wp-json\/wp\/v2\/pages\/342","targetHints":{"allow":["GET"]}}],"collection":[{"href":"https:\/\/elxrskincare.com.br\/loja\/wp-json\/wp\/v2\/pages"}],"about":[{"href":"https:\/\/elxrskincare.com.br\/loja\/wp-json\/wp\/v2\/types\/page"}],"author":[{"embeddable":true,"href":"https:\/\/elxrskincare.com.br\/loja\/wp-json\/wp\/v2\/users\/1"}],"replies":[{"embeddable":true,"href":"https:\/\/elxrskincare.com.br\/loja\/wp-json\/wp\/v2\/comments?post=342"}],"version-history":[{"count":0,"href":"https:\/\/elxrskincare.com.br\/loja\/wp-json\/wp\/v2\/pages\/342\/revisions"}],"wp:attachment":[{"href":"https:\/\/elxrskincare.com.br\/loja\/wp-json\/wp\/v2\/media?parent=342"}],"curies":[{"name":"wp","href":"https:\/\/api.w.org\/{rel}","templated":true}]}}